{"id":1191,"date":"2023-05-31T18:36:32","date_gmt":"2023-05-31T16:36:32","guid":{"rendered":"https:\/\/kemai.ddev.site\/?page_id=646"},"modified":"2025-01-14T17:32:59","modified_gmt":"2025-01-14T16:32:59","slug":"info","status":"publish","type":"page","link":"https:\/\/www.kemai.de\/de\/info\/","title":{"rendered":"Info"},"content":{"rendered":"\n<div class=\"wp-block-columns is-layout-flex wp-container-core-columns-is-layout-28f84493 wp-block-columns-is-layout-flex\">\n<div class=\"wp-block-column is-layout-flow wp-block-column-is-layout-flow\" style=\"flex-basis:50vw\">\n<div class=\"wp-block-group has-global-padding is-layout-constrained wp-block-group-is-layout-constrained\">\n<p>Hier erkl\u00e4re ich, was genau ich f\u00fcr euch tun kann. Schreibt mir gerne eine <a href=\"mailto:kerstin@kemai.de\">E-Mail<\/a> oder f\u00fcllt das <a href=\"https:\/\/kemai.de\/de\/kontakt\/\" data-type=\"page\" data-id=\"1181\">Kontakt-Formular<\/a> aus, wenn ihr noch Fragen habt, die hier nicht beantwortet werden. Ich fotografiere und filme haupts\u00e4chlich <a href=\"#info1\">(Small) Businesses\/K\u00fcnstler<\/a>, <a href=\"#info2\">Paare<\/a>, <a href=\"#info3\">Familien(-Reportagen)<\/a>, <a href=\"#info4\">kleine Hochzeiten und Trauungen<\/a>. Gerne bin ich aber auch andere Sachen zu haben, unter &#8222;<a href=\"#info5\">Specials<\/a>&#8220; sind auch noch ein paar Ideen aufgef\u00fchrt. Wichtig ist mir das Ungestellte und das Dokumentieren des echten Geschehens. Nach ein bi\u00dfchen ausprobieren habe ich auch gemerkt, dass es mir eigentlich Spa\u00df macht, Wissen weiter zu geben und deshalb wird es voraussichtlich ab 2024 auch <a href=\"#info6\">Kurse<\/a> geben.<\/p>\n<\/div>\n<\/div>\n<\/div>\n\n\n\n<div style=\"height:1px\" aria-hidden=\"true\" class=\"wp-block-spacer\"><\/div>\n\n\n\n<div class=\"wp-block-media-text alignfull is-stacked-on-mobile is-vertically-aligned-center is-image-fill\"><figure class=\"wp-block-media-text__media\" style=\"background-image:url(https:\/\/kemai.de\/de\/wp-content\/uploads\/sites\/2\/2023\/11\/DSC_2433-1065x1600.jpg);background-position:50% 50%\"><img loading=\"lazy\" decoding=\"async\" width=\"1065\" height=\"1600\" src=\"https:\/\/kemai.de\/de\/wp-content\/uploads\/sites\/2\/2023\/11\/DSC_2433-1065x1600.jpg\" alt=\"Caro Wolf's urw\u00fcchsig in Bad Boll\" class=\"wp-image-1243 size-full\" srcset=\"https:\/\/www.kemai.de\/de\/wp-content\/uploads\/sites\/2\/2023\/11\/DSC_2433-1065x1600.jpg 1065w, https:\/\/www.kemai.de\/de\/wp-content\/uploads\/sites\/2\/2023\/11\/DSC_2433-532x800.jpg 532w, https:\/\/www.kemai.de\/de\/wp-content\/uploads\/sites\/2\/2023\/11\/DSC_2433-266x400.jpg 266w, https:\/\/www.kemai.de\/de\/wp-content\/uploads\/sites\/2\/2023\/11\/DSC_2433-768x1154.jpg 768w, https:\/\/www.kemai.de\/de\/wp-content\/uploads\/sites\/2\/2023\/11\/DSC_2433-1022x1536.jpg 1022w, https:\/\/www.kemai.de\/de\/wp-content\/uploads\/sites\/2\/2023\/11\/DSC_2433.jpg 1333w\" sizes=\"auto, (max-width: 1065px) 100vw, 1065px\" \/><\/figure><div class=\"wp-block-media-text__content\">\n<h2 class=\"wp-block-heading has-text-align-left\" id=\"info1\"><strong>Business \/ K\u00fcnstler <\/strong><\/h2>\n\n\n\n<p>Was kann ich f\u00fcr euch leisten? Es ist immer gut, Bilder und Filmmaterial zu haben. Besser als mit dem Handy geht das immer noch mit einer Kamera, und ich liebe es schon immer, zu sehen, was andere so machen. Mich fasziniert jede Art von Begeisterung und ich bin sehr leicht mitzubegeistern. Wenn jemand etwas mit Herzblut macht, bin ich gehookt. Dann will ich es festhalten, ich will damit arbeiten und ich m\u00f6chte das bestm\u00f6glichste Ergebnis schaffen.<\/p>\n\n\n\n<p>Gemeinsam k\u00f6nnen wir Fotos und Filme f\u00fcr Social Media und eure Website und andere Verwendungszwecke erstellen. Schau euch gerne hier um, ich habe schon einige Menschen und Firmen begleitetet.<\/p>\n\n\n\n<p>Preise auf Anfrage.<\/p>\n<\/div><\/div>\n\n\n\n<div style=\"height:32px\" aria-hidden=\"true\" class=\"wp-block-spacer\"><\/div>\n\n\n\n<div class=\"wp-block-media-text alignfull has-media-on-the-right is-stacked-on-mobile is-vertically-aligned-center is-image-fill\"><div class=\"wp-block-media-text__content\">\n<h2 class=\"wp-block-heading has-text-align-left\" id=\"info2\"><strong>Paar-Footshooting<\/strong><\/h2>\n\n\n\n<p>Wir treffen uns, reden erst mal und lernen uns kennen. Und dann schauen wir einfach was passiert, und ich halte es fest. Das kann bei euch zu Hause sein, oder an einem Ort drau\u00dfen in der Natur, der euch wichtig ist, oder den ich kenne und euch zeigen kann.<\/p>\n\n\n\n<p>Eure Investition beginnt hier bei 250 Euro, und wir k\u00f6nnen auch einen kleinen Film zusammen kreieren.<\/p>\n<\/div><figure class=\"wp-block-media-text__media\" style=\"background-image:url(https:\/\/kemai.de\/de\/wp-content\/uploads\/sites\/2\/2023\/11\/DSC_9752.jpg);background-position:50% 50%\"><img loading=\"lazy\" decoding=\"async\" width=\"1065\" height=\"1600\" src=\"https:\/\/kemai.de\/de\/wp-content\/uploads\/sites\/2\/2023\/11\/DSC_9752.jpg\" alt=\"Katharina &amp; Andy unterwegs\" class=\"wp-image-2039 size-full\" srcset=\"https:\/\/www.kemai.de\/de\/wp-content\/uploads\/sites\/2\/2023\/11\/DSC_9752.jpg 1065w, https:\/\/www.kemai.de\/de\/wp-content\/uploads\/sites\/2\/2023\/11\/DSC_9752-533x800.jpg 533w, https:\/\/www.kemai.de\/de\/wp-content\/uploads\/sites\/2\/2023\/11\/DSC_9752-266x400.jpg 266w, https:\/\/www.kemai.de\/de\/wp-content\/uploads\/sites\/2\/2023\/11\/DSC_9752-768x1154.jpg 768w, https:\/\/www.kemai.de\/de\/wp-content\/uploads\/sites\/2\/2023\/11\/DSC_9752-1022x1536.jpg 1022w\" sizes=\"auto, (max-width: 1065px) 100vw, 1065px\" \/><\/figure><\/div>\n\n\n\n<div style=\"height:32px\" aria-hidden=\"true\" class=\"wp-block-spacer\"><\/div>\n\n\n\n<div class=\"wp-block-media-text alignfull is-stacked-on-mobile is-vertically-aligned-center is-image-fill\"><figure class=\"wp-block-media-text__media\" style=\"background-image:url(https:\/\/kemai.de\/de\/wp-content\/uploads\/sites\/2\/2023\/11\/familie.jpg);background-position:50% 50%\"><img loading=\"lazy\" decoding=\"async\" width=\"1600\" height=\"1065\" src=\"https:\/\/kemai.de\/de\/wp-content\/uploads\/sites\/2\/2023\/11\/familie.jpg\" alt=\"Familenfotos und Filme - Wildes Chaos festgehalten\" class=\"wp-image-1687 size-full\" srcset=\"https:\/\/www.kemai.de\/de\/wp-content\/uploads\/sites\/2\/2023\/11\/familie.jpg 1600w, https:\/\/www.kemai.de\/de\/wp-content\/uploads\/sites\/2\/2023\/11\/familie-800x533.jpg 800w, https:\/\/www.kemai.de\/de\/wp-content\/uploads\/sites\/2\/2023\/11\/familie-400x266.jpg 400w, https:\/\/www.kemai.de\/de\/wp-content\/uploads\/sites\/2\/2023\/11\/familie-768x511.jpg 768w, https:\/\/www.kemai.de\/de\/wp-content\/uploads\/sites\/2\/2023\/11\/familie-1536x1022.jpg 1536w\" sizes=\"auto, (max-width: 1600px) 100vw, 1600px\" \/><\/figure><div class=\"wp-block-media-text__content\">\n<h2 class=\"wp-block-heading\" id=\"info3\">Famlien-Fotoshooting und Familienfilm<\/h2>\n\n\n\n<p>Die oberste Priorit\u00e4t ist: lasst die Kinder Kinder sein, und einfach machen. Alles weitere ergibt sich und wir schaffen tolle Erinnerungen f\u00fcr euch. Am besten ist es, wenn ihr mich nach einer Weile vergesst und einfach als Familie zusammen seid. Drau\u00dfen oder drinnen.<\/p>\n\n\n\n<p>Eure Investition beginnt bei 250 Euro, auch Familienfilme sind m\u00f6glich. Diese Filme sind f\u00fcr euch toll, aber auch f\u00fcr eure Kinder sp\u00e4ter mal unheimlich wertvoll.<\/p>\n\n\n\n<p>PS: Ihr k\u00f6nnt es euch einfach nicht leisten, euer Familienleben festhalten zu lassen? Ich glaube, dass wir eine L\u00f6sung finden. <a href=\"https:\/\/kemai.de\/de\/kontakt\/\" data-type=\"page\" data-id=\"1181\">Sprecht mich einfach an<\/a>!<\/p>\n<\/div><\/div>\n\n\n\n<div style=\"height:32px\" aria-hidden=\"true\" class=\"wp-block-spacer\"><\/div>\n\n\n\n<div class=\"wp-block-media-text alignfull has-media-on-the-right is-stacked-on-mobile is-vertically-aligned-center is-image-fill\"><div class=\"wp-block-media-text__content\">\n<h2 class=\"wp-block-heading\" id=\"info4\">Hochzeiten<\/h2>\n\n\n\n<p>Ich liebe vor allem kleinere Hochzeiten. Die ein oder andere gr\u00f6\u00dfere fotografiere ich schon auch, aber ich die kleineren, intimeren oder  einfach nur standesamtlichen m\u00f6chte ich bevorzugen. Auch bin ich sehr flexibel, und ihr k\u00f6nnt mich gerne anfragen, wenn ihr unter der Woche oder kurzfristig in 4 Wochen heiraten wollt.<\/p>\n\n\n\n<p>Da Hochzeiten so individuell sind wie ihr, ist es schwierig hier Preise zu nennen, aber eine standesamtliche Trauung, bei der ich ca. 2 Stunden dabei bin, kann ich euch ab 300 Euro anbieten.<\/p>\n\n\n\n<p><a href=\"https:\/\/kemai.de\/de\/kontakt\/\" data-type=\"page\" data-id=\"1181\">Fragt mich gerne<\/a> nach individuellen Paketen.<\/p>\n<\/div><figure class=\"wp-block-media-text__media\" style=\"background-image:url(https:\/\/kemai.de\/de\/wp-content\/uploads\/sites\/2\/2023\/11\/nj-2165-1065x1600.jpg);background-position:50% 50%\"><img loading=\"lazy\" decoding=\"async\" width=\"1065\" height=\"1600\" src=\"https:\/\/kemai.de\/de\/wp-content\/uploads\/sites\/2\/2023\/11\/nj-2165-1065x1600.jpg\" alt=\"Hochzeit N+J\" class=\"wp-image-1542 size-full\" srcset=\"https:\/\/www.kemai.de\/de\/wp-content\/uploads\/sites\/2\/2023\/11\/nj-2165-1065x1600.jpg 1065w, https:\/\/www.kemai.de\/de\/wp-content\/uploads\/sites\/2\/2023\/11\/nj-2165-532x800.jpg 532w, https:\/\/www.kemai.de\/de\/wp-content\/uploads\/sites\/2\/2023\/11\/nj-2165-266x400.jpg 266w, https:\/\/www.kemai.de\/de\/wp-content\/uploads\/sites\/2\/2023\/11\/nj-2165-768x1154.jpg 768w, https:\/\/www.kemai.de\/de\/wp-content\/uploads\/sites\/2\/2023\/11\/nj-2165-1022x1536.jpg 1022w, https:\/\/www.kemai.de\/de\/wp-content\/uploads\/sites\/2\/2023\/11\/nj-2165.jpg 1333w\" sizes=\"auto, (max-width: 1065px) 100vw, 1065px\" \/><\/figure><\/div>\n\n\n\n<div style=\"height:32px\" aria-hidden=\"true\" class=\"wp-block-spacer\"><\/div>\n\n\n\n<div class=\"wp-block-media-text alignfull is-stacked-on-mobile is-vertically-aligned-center is-image-fill\"><figure class=\"wp-block-media-text__media\" style=\"background-image:url(https:\/\/kemai.de\/de\/wp-content\/uploads\/sites\/2\/2019\/03\/ddeve-2-1068x1600.jpg);background-position:50% 50%\"><img loading=\"lazy\" decoding=\"async\" width=\"1068\" height=\"1600\" src=\"https:\/\/kemai.de\/de\/wp-content\/uploads\/sites\/2\/2019\/03\/ddeve-2-1068x1600.jpg\" alt=\"Durdle Door\" class=\"wp-image-865 size-full\" srcset=\"https:\/\/www.kemai.de\/de\/wp-content\/uploads\/sites\/2\/2019\/03\/ddeve-2-1068x1600.jpg 1068w, https:\/\/www.kemai.de\/de\/wp-content\/uploads\/sites\/2\/2019\/03\/ddeve-2-534x800.jpg 534w, https:\/\/www.kemai.de\/de\/wp-content\/uploads\/sites\/2\/2019\/03\/ddeve-2-267x400.jpg 267w, https:\/\/www.kemai.de\/de\/wp-content\/uploads\/sites\/2\/2019\/03\/ddeve-2-768x1151.jpg 768w, https:\/\/www.kemai.de\/de\/wp-content\/uploads\/sites\/2\/2019\/03\/ddeve-2-1025x1536.jpg 1025w, https:\/\/www.kemai.de\/de\/wp-content\/uploads\/sites\/2\/2019\/03\/ddeve-2.jpg 1335w\" sizes=\"auto, (max-width: 1068px) 100vw, 1068px\" \/><\/figure><div class=\"wp-block-media-text__content\">\n<h2 class=\"wp-block-heading\" id=\"info5\">Specials<\/h2>\n\n\n\n<p>Ich mag es, anders zu sein, und ich mag es, andere Leute zu treffen, die sich ein bi\u00dfchen was anderes vorstellen k\u00f6nnen. Das kann bei oder nach der Hochzeit sein, oder aber auch bei einem Paarshooting zum Sonnenaufgang. Ich gehe gerne campen, ihr vielleicht auch? Warum nicht mal zusammen rausfahren und gemeinsam am Lagerfeuer sitzen? Bei so einem Ausflug k\u00f6nnen tolle Bilder entstehen. Ich durfte auch schon Familien und Paare im Urlaub fotografieren, dazu m\u00fcsst ihr mir nur Bescheid sagen, wann ihr wo seid und ich schaue in meinem Kalender ob ich Zeit habe und auf Google Maps, ob mich das auch interessiert, wo ihr da hin fahrt \ud83d\ude42 <\/p>\n\n\n\n<p>Stichworte sind hier: Sunrise, Trash the dress, Go camping together, Book me for your Urlaub&#8230; und alles was euch sonst noch so einf\u00e4llt!<\/p>\n<\/div><\/div>\n\n\n\n<div style=\"height:32px\" aria-hidden=\"true\" class=\"wp-block-spacer\"><\/div>\n\n\n\n<div class=\"wp-block-media-text alignfull has-media-on-the-right is-stacked-on-mobile is-vertically-aligned-center is-image-fill\"><div class=\"wp-block-media-text__content\">\n<h2 class=\"wp-block-heading\" id=\"info6\">Kurse<\/h2>\n\n\n\n<p>2025 plane ich auch Kurse ein, zusammen mit <a href=\"https:\/\/www.caroline-wolf.de\/\" target=\"_blank\" rel=\"noreferrer noopener\">Caroline Wolf <\/a>vom Blumenladen &#8222;urw\u00fcchsig&#8220; in Bad Boll m\u00f6chte ich euch einladen, eure Kamera kennen zu lernen und dann mit uns zusammen im Blumengarten das Erlernte auzuprobieren. Das k\u00f6nnen dann sch\u00f6ne Fotos der Blumen und sonstigen Flora und der Fauma im Garten sein, oder auch Portraits von euch. Die Termine werde ich rechtzeitig auf Instagram bekannt geben, also stellt sicher, dass ihr mir bei <a href=\"https:\/\/www.instagram.com\/kerstinsgeschichten\" target=\"_blank\" rel=\"noreferrer noopener\">@kerstinsgeschichten<\/a> folgt!<\/p>\n<\/div><figure class=\"wp-block-media-text__media\" style=\"background-image:url(https:\/\/kemai.de\/de\/wp-content\/uploads\/sites\/2\/2023\/11\/DSC_2682-1065x1600.jpg);background-position:50% 50%\"><img loading=\"lazy\" decoding=\"async\" width=\"1065\" height=\"1600\" src=\"https:\/\/kemai.de\/de\/wp-content\/uploads\/sites\/2\/2023\/11\/DSC_2682-1065x1600.jpg\" alt=\"Caro Wolf's urw\u00fcchsig in Bad Boll: Marienk\u00e4fer auf Blume\" class=\"wp-image-1474 size-full\" srcset=\"https:\/\/www.kemai.de\/de\/wp-content\/uploads\/sites\/2\/2023\/11\/DSC_2682-1065x1600.jpg 1065w, https:\/\/www.kemai.de\/de\/wp-content\/uploads\/sites\/2\/2023\/11\/DSC_2682-532x800.jpg 532w, https:\/\/www.kemai.de\/de\/wp-content\/uploads\/sites\/2\/2023\/11\/DSC_2682-266x400.jpg 266w, https:\/\/www.kemai.de\/de\/wp-content\/uploads\/sites\/2\/2023\/11\/DSC_2682-768x1154.jpg 768w, https:\/\/www.kemai.de\/de\/wp-content\/uploads\/sites\/2\/2023\/11\/DSC_2682-1022x1536.jpg 1022w, https:\/\/www.kemai.de\/de\/wp-content\/uploads\/sites\/2\/2023\/11\/DSC_2682.jpg 1333w\" sizes=\"auto, (max-width: 1065px) 100vw, 1065px\" \/><\/figure><\/div>\n\n\n\n<div style=\"height:32px\" aria-hidden=\"true\" class=\"wp-block-spacer\"><\/div>\n","protected":false},"excerpt":{"rendered":"<p>Hier erkl\u00e4re ich, was genau ich f\u00fcr euch tun kann. Schreibt mir gerne eine E-Mail oder f\u00fcllt das Kontakt-Formular aus, wenn ihr noch Fragen habt, die hier nicht beantwortet werden. Ich fotografiere und filme haupts\u00e4chlich (Small) Businesses\/K\u00fcnstler, Paare, Familien(-Reportagen), kleine Hochzeiten und Trauungen. Gerne bin ich aber auch andere Sachen zu haben, unter &#8222;Specials&#8220; sind [&hellip;]<\/p>\n","protected":false},"author":1,"featured_media":0,"parent":0,"menu_order":0,"comment_status":"closed","ping_status":"closed","template":"wp-custom-template-seite-galerie","meta":{"footnotes":""},"categories":[],"tags":[],"class_list":["post-1191","page","type-page","status-publish","hentry"],"_links":{"self":[{"href":"https:\/\/www.kemai.de\/de\/wp-json\/wp\/v2\/pages\/1191","targetHints":{"allow":["GET"]}}],"collection":[{"href":"https:\/\/www.kemai.de\/de\/wp-json\/wp\/v2\/pages"}],"about":[{"href":"https:\/\/www.kemai.de\/de\/wp-json\/wp\/v2\/types\/page"}],"author":[{"embeddable":true,"href":"https:\/\/www.kemai.de\/de\/wp-json\/wp\/v2\/users\/1"}],"replies":[{"embeddable":true,"href":"https:\/\/www.kemai.de\/de\/wp-json\/wp\/v2\/comments?post=1191"}],"version-history":[{"count":48,"href":"https:\/\/www.kemai.de\/de\/wp-json\/wp\/v2\/pages\/1191\/revisions"}],"predecessor-version":[{"id":2594,"href":"https:\/\/www.kemai.de\/de\/wp-json\/wp\/v2\/pages\/1191\/revisions\/2594"}],"wp:attachment":[{"href":"https:\/\/www.kemai.de\/de\/wp-json\/wp\/v2\/media?parent=1191"}],"wp:term":[{"taxonomy":"category","embeddable":true,"href":"https:\/\/www.kemai.de\/de\/wp-json\/wp\/v2\/categories?post=1191"},{"taxonomy":"post_tag","embeddable":true,"href":"https:\/\/www.kemai.de\/de\/wp-json\/wp\/v2\/tags?post=1191"}],"curies":[{"name":"wp","href":"https:\/\/api.w.org\/{rel}","templated":true}]}}