{"id":461,"date":"2018-03-24T13:41:21","date_gmt":"2018-03-24T12:41:21","guid":{"rendered":"http:\/\/www.kemai.de\/en\/?page_id=461"},"modified":"2025-01-14T17:18:22","modified_gmt":"2025-01-14T16:18:22","slug":"impressum","status":"publish","type":"page","link":"https:\/\/www.kemai.de\/de\/impressum\/","title":{"rendered":"Impressum, Datenschutz &#038; Cookie-Richtlinie"},"content":{"rendered":"\n<h2 class=\"wp-block-heading\">Verantwortlicher<\/h2>\n\n\n\n<p>Kerstin Maier<br>D\u00fcrnauer Str. 7\/1<br>73035 G\u00f6ppingen<br>E-Mailadresse: kerstin[a]kemai.de<\/p>\n\n\n\n<p><br>Link zum Impressum: <a href=\"http:\/\/www.kemai.de\/de\/impressum\">http:\/\/www.kemai.de\/de\/impressum<\/a><\/p>\n\n\n\n<div style=\"height:1rem\" aria-hidden=\"true\" class=\"wp-block-spacer\"><\/div>\n\n\n\n<h2 class=\"wp-block-heading\">Umsatzsteuer-ID<\/h2>\n\n\n\n<p>Umsatzsteuer-Identifikationsnummer gem\u00e4\u00df \u00a727 a Umsatzsteuergesetz:<\/p>\n\n\n\n<p>DE229012608<\/p>\n\n\n\n<p>Alle Bilder &amp; Texte \u00a9 Kerstin Maier | Website design Kerstin Maier<\/p>\n\n\n\n<div style=\"height:1rem\" aria-hidden=\"true\" class=\"wp-block-spacer\"><\/div>\n\n\n\n<h2 class=\"wp-block-heading\"><strong>Datenschutzerkl\u00e4rung<\/strong><\/h2>\n\n\n\n<p>Eine Nutzung der Internetseiten von Kerstin Maier ist grunds\u00e4tzlich ohne jede Angabe personenbezogener Daten m\u00f6glich. Sofern eine betroffene Person besondere Services \u00fcber die Internetseite in Anspruch nehmen m\u00f6chte, k\u00f6nnte jedoch eine Verarbeitung personenbezogener Daten erforderlich werden. Ist die Verarbeitung personenbezogener Daten erforderlich und besteht f\u00fcr eine solche Verarbeitung keine gesetzliche Grundlage, wird generell eine Einwilligung der betroffenen Person eingeholt.<\/p>\n\n\n\n<p>Die Verarbeitung personenbezogener Daten, beispielsweise des Namens, der Anschrift, E-Mail-Adresse oder Telefonnummer einer betroffenen Person, erfolgt stets im Einklang mit der Datenschutz-Grundverordnung und in \u00dcbereinstimmung mit den f\u00fcr Kerstin Maier geltenden landesspezifischen Datenschutzbestimmungen. Mittels dieser Datenschutzerkl\u00e4rung soll die \u00d6ffentlichkeit \u00fcber Art, Umfang und Zweck der erhobenen, genutzten und verarbeiteten personenbezogenen Daten informiert werden. Ferner werden betroffene Personen mittels dieser Datenschutzerkl\u00e4rung \u00fcber die ihnen zustehenden Rechte aufgekl\u00e4rt.<\/p>\n\n\n\n<p>Kerstin Maier hat als f\u00fcr die Verarbeitung Verantwortlicher zahlreiche technische und organisatorische Ma\u00dfnahmen umgesetzt, um einen m\u00f6glichst l\u00fcckenlosen Schutz der \u00fcber diese Internetseite verarbeiteten personenbezogenen Daten sicherzustellen. Dennoch k\u00f6nnen Internetbasierte Daten\u00fcbertragungen grunds\u00e4tzlich Sicherheitsl\u00fccken aufweisen, sodass ein absoluter Schutz nicht gew\u00e4hrleistet werden kann. Aus diesem Grund steht es jeder betroffenen Person frei, personenbezogene Daten auch auf alternativen Wegen, beispielsweise telefonisch, zu \u00fcbermitteln.<\/p>\n\n\n\n<h3 class=\"wp-block-heading\">1. Begriffsbestimmungen<\/h3>\n\n\n\n<p>Die Datenschutzerkl\u00e4rung von Kerstin Maier beruht auf den Begrifflichkeiten, die durch den Europ\u00e4ischen Richtlinien- und Verordnungsgeber beim Erlass der Datenschutz-Grundverordnung (DS-GVO) verwendet wurden. Unsere Datenschutzerkl\u00e4rung soll sowohl f\u00fcr die \u00d6ffentlichkeit als auch f\u00fcr unsere Kunden und Gesch\u00e4ftspartner einfach lesbar und verst\u00e4ndlich sein. Um dies zu gew\u00e4hrleisten, werden hier vorab die verwendeten Begrifflichkeiten erl\u00e4utert.<\/p>\n\n\n\n<p>In dieser Datenschutzerkl\u00e4rung werden unter anderem die folgenden Begriffe verwendet:<\/p>\n\n\n\n<ul class=\"wp-block-list\">\n<li>a)&nbsp;personenbezogene Daten<p>Personenbezogene Daten sind alle Informationen, die sich auf eine identifizierte oder identifizierbare nat\u00fcrliche Person (im Folgenden \u201ebetroffene Person\u201c) beziehen. Als identifizierbar wird eine nat\u00fcrliche Person angesehen, die direkt oder indirekt, insbesondere mittels Zuordnung zu einer Kennung wie einem Namen, zu einer Kennnummer, zu Standortdaten, zu einer Online-Kennung oder zu einem oder mehreren besonderen Merkmalen, die Ausdruck der physischen, physiologischen, genetischen, psychischen, wirtschaftlichen, kulturellen oder sozialen Identit\u00e4t dieser nat\u00fcrlichen Person sind, identifiziert werden kann.<\/p> <\/li>\n\n\n\n<li> b) betroffene Person <p>Betroffene Person ist jede identifizierte oder identifizierbare nat\u00fcrliche Person, deren personenbezogene Daten von dem f\u00fcr die Verarbeitung Verantwortlichen verarbeitet werden.<\/p><\/li>\n\n\n\n<li> c)&nbsp;Verarbeitung <p>Verarbeitung ist jeder mit oder ohne Hilfe automatisierter Verfahren ausgef\u00fchrte Vorgang oder jede solche Vorgangsreihe im Zusammenhang mit personenbezogenen Daten wie das Erheben, das Erfassen, die Organisation, das Ordnen, die Speicherung, die Anpassung oder Ver\u00e4nderung, das Auslesen, das Abfragen, die Verwendung, die Offenlegung durch \u00dcbermittlung, Verbreitung oder eine andere Form der Bereitstellung, den Abgleich oder die Verkn\u00fcpfung, die Einschr\u00e4nkung, das L\u00f6schen oder die Vernichtung.<\/p><\/li>\n\n\n\n<li>d)&nbsp;Einschr\u00e4nkung der Verarbeitung <p>Einschr\u00e4nkung der Verarbeitung ist die Markierung gespeicherter personenbezogener Daten mit dem Ziel, ihre k\u00fcnftige Verarbeitung einzuschr\u00e4nken.<\/p><\/li>\n\n\n\n<li> e) Profiling <p>Profiling ist jede Art der automatisierten Verarbeitung personenbezogener Daten, die darin besteht, dass diese personenbezogenen Daten verwendet werden, um bestimmte pers\u00f6nliche Aspekte, die sich auf eine nat\u00fcrliche Person beziehen, zu bewerten, insbesondere, um Aspekte bez\u00fcglich Arbeitsleistung, wirtschaftlicher Lage, Gesundheit, pers\u00f6nlicher Vorlieben, Interessen, Zuverl\u00e4ssigkeit, Verhalten, Aufenthaltsort oder Ortswechsel dieser nat\u00fcrlichen Person zu analysieren oder vorherzusagen.<\/p><\/li>\n\n\n\n<li>f)&nbsp;Pseudonymisierung<br>Pseudonymisierung ist die Verarbeitung personenbezogener Daten in einer Weise, auf welche die personenbezogenen Daten ohne Hinzuziehung zus\u00e4tzlicher Informationen nicht mehr einer spezifischen betroffenen Person zugeordnet werden k\u00f6nnen, sofern diese zus\u00e4tzlichen Informationen gesondert aufbewahrt werden und technischen und organisatorischen Ma\u00dfnahmen unterliegen, die gew\u00e4hrleisten, dass die personenbezogenen Daten nicht einer identifizierten oder identifizierbaren nat\u00fcrlichen Person zugewiesen werden. <br><\/li>\n\n\n\n<li> g)&nbsp;Verantwortlicher oder f\u00fcr die Verarbeitung Verantwortlicher <p>Verantwortlicher oder f\u00fcr die Verarbeitung Verantwortlicher ist die nat\u00fcrliche oder juristische Person, Beh\u00f6rde, Einrichtung oder andere Stelle, die allein oder gemeinsam mit anderen \u00fcber die Zwecke und Mittel der Verarbeitung von personenbezogenen Daten entscheidet. Sind die Zwecke und Mittel dieser Verarbeitung durch das Unionsrecht oder das Recht der Mitgliedstaaten vorgegeben, so kann der Verantwortliche beziehungsweise k\u00f6nnen die bestimmten Kriterien seiner Benennung nach dem Unionsrecht oder dem Recht der Mitgliedstaaten vorgesehen werden.<\/p> <\/li>\n\n\n\n<li> h)&nbsp;Auftragsverarbeiter <p>Auftragsverarbeiter ist eine nat\u00fcrliche oder juristische Person, Beh\u00f6rde, Einrichtung oder andere Stelle, die personenbezogene Daten im Auftrag des Verantwortlichen verarbeitet.<\/p> <\/li>\n\n\n\n<li> i)&nbsp;&nbsp;Empf\u00e4nger <p>Empf\u00e4nger ist eine nat\u00fcrliche oder juristische Person, Beh\u00f6rde, Einrichtung oder andere Stelle, der personenbezogene Daten offengelegt werden, unabh\u00e4ngig davon, ob es sich bei ihr um einen Dritten handelt oder nicht. Beh\u00f6rden, die im Rahmen eines bestimmten Untersuchungsauftrags nach dem Unionsrecht oder dem Recht der Mitgliedstaaten m\u00f6glicherweise personenbezogene Daten erhalten, gelten jedoch nicht als Empf\u00e4nger.<\/p> <\/li>\n\n\n\n<li> j)&nbsp;Dritter <p>Dritter ist eine nat\u00fcrliche oder juristische Person, Beh\u00f6rde, Einrichtung oder andere Stelle au\u00dfer der betroffenen Person, dem Verantwortlichen, dem Auftragsverarbeiter und den Personen, die unter der unmittelbaren Verantwortung des Verantwortlichen oder des Auftragsverarbeiters befugt sind, die personenbezogenen Daten zu verarbeiten.<\/p> <\/li>\n\n\n\n<li>k)&nbsp;Einwilligung <p>Einwilligung ist jede von der betroffenen Person freiwillig f\u00fcr den bestimmten Fall in informierter Weise und unmissverst\u00e4ndlich abgegebene Willensbekundung in Form einer Erkl\u00e4rung oder einer sonstigen eindeutigen best\u00e4tigenden Handlung, mit der die betroffene Person zu verstehen gibt, dass sie mit der Verarbeitung der sie betreffenden personenbezogenen Daten einverstanden ist.<\/p> <\/li>\n<\/ul>\n\n\n\n<h3 class=\"wp-block-heading\">2. Name und Anschrift des f\u00fcr die Verarbeitung Verantwortlichen<\/h3>\n\n\n\n<p>Verantwortlicher im Sinne der Datenschutz-Grundverordnung, sonstiger in den Mitgliedstaaten der Europ\u00e4ischen Union geltenden Datenschutzgesetze und anderer Bestimmungen mit datenschutzrechtlichem Charakter ist:<br>Kerstin Maier<br>Stelzergasse 18\/1<br>73098 Rechberghausen<br>Deutschland<br>Tel.: 01577 2703276<br>E-Mail: kerstin@kemai.de<br>Website: www.kemai.de<\/p>\n\n\n\n<h3 class=\"wp-block-heading\">3. Cookies (Cookie-Richtlinie s. Ende der Seite)<\/h3>\n\n\n\n<p>Die Internetseiten von Kerstin Maier verwenden Cookies. Cookies sind Textdateien, welche \u00fcber einen Internetbrowser auf einem Computersystem abgelegt und gespeichert werden.<\/p>\n\n\n\n<p>Zahlreiche Internetseiten und Server verwenden Cookies. Viele Cookies enthalten eine sogenannte Cookie-ID. Eine Cookie-ID ist eine eindeutige Kennung des Cookies. Sie besteht aus einer Zeichenfolge, durch welche Internetseiten und Server dem konkreten Internetbrowser zugeordnet werden k\u00f6nnen, in dem das Cookie gespeichert wurde. Dies erm\u00f6glicht es den besuchten Internetseiten und Servern, den individuellen Browser der betroffenen Person von anderen Internetbrowsern, die andere Cookies enthalten, zu unterscheiden. Ein bestimmter Internetbrowser kann \u00fcber die eindeutige Cookie-ID wiedererkannt und identifiziert werden.<\/p>\n\n\n\n<p>Durch den Einsatz von Cookies kann Kerstin Maier den Nutzern dieser Internetseite nutzerfreundlichere Services bereitstellen, die ohne die Cookie-Setzung nicht m\u00f6glich w\u00e4ren.<\/p>\n\n\n\n<p>Mittels eines Cookies k\u00f6nnen die Informationen und Angebote auf unserer Internetseite im Sinne des Benutzers optimiert werden. Cookies erm\u00f6glichen uns, wie bereits erw\u00e4hnt, die Benutzer unserer Internetseite wiederzuerkennen. Zweck dieser Wiedererkennung ist es, den Nutzern die Verwendung unserer Internetseite zu erleichtern. Der Benutzer einer Internetseite, die Cookies verwendet, muss beispielsweise nicht bei jedem Besuch der Internetseite erneut seine Zugangsdaten eingeben, weil dies von der Internetseite und dem auf dem Computersystem des Benutzers abgelegten Cookie \u00fcbernommen wird. Ein weiteres Beispiel ist das Cookie eines Warenkorbes im Online-Shop. Der Online-Shop merkt sich die Artikel, die ein Kunde in den virtuellen Warenkorb gelegt hat, \u00fcber ein Cookie.<\/p>\n\n\n\n<p>Die betroffene Person kann die Setzung von Cookies durch unsere Internetseite jederzeit mittels einer entsprechenden Einstellung des genutzten Internetbrowsers verhindern und damit der Setzung von Cookies dauerhaft widersprechen. Ferner k\u00f6nnen bereits gesetzte Cookies jederzeit \u00fcber einen Internetbrowser oder andere Softwareprogramme gel\u00f6scht werden. Dies ist in allen g\u00e4ngigen Internetbrowsern m\u00f6glich. Deaktiviert die betroffene Person die Setzung von Cookies in dem genutzten Internetbrowser, sind unter Umst\u00e4nden nicht alle Funktionen unserer Internetseite vollumf\u00e4nglich nutzbar.<\/p>\n\n\n\n<h3 class=\"wp-block-heading\">4. Erfassung von allgemeinen Daten und Informationen<\/h3>\n\n\n\n<p>Die Internetseite von Kerstin Maier erfasst mit jedem Aufruf der Internetseite durch eine betroffene Person oder ein automatisiertes System eine Reihe von allgemeinen Daten und Informationen. Diese allgemeinen Daten und Informationen werden in den Logfiles des Servers gespeichert. Erfasst werden k\u00f6nnen die (1) verwendeten Browsertypen und Versionen, (2) das vom zugreifenden System verwendete Betriebssystem, (3) die Internetseite, von welcher ein zugreifendes System auf unsere Internetseite gelangt (sogenannte Referrer), (4) die Unterwebseiten, welche \u00fcber ein zugreifendes System auf unserer Internetseite angesteuert werden, (5) das Datum und die Uhrzeit eines Zugriffs auf die Internetseite, (6) eine Internet-Protokoll-Adresse (IP-Adresse), (7) der Internet-Service-Provider des zugreifenden Systems und (8) sonstige \u00e4hnliche Daten und Informationen, die der Gefahrenabwehr im Falle von Angriffen auf unsere informationstechnologischen Systeme dienen.<\/p>\n\n\n\n<p>Bei der Nutzung dieser allgemeinen Daten und Informationen zieht Kerstin Maier keine R\u00fcckschl\u00fcsse auf die betroffene Person. Diese Informationen werden vielmehr ben\u00f6tigt, um (1) die Inhalte unserer Internetseite korrekt auszuliefern, (2) die Inhalte unserer Internetseite sowie die Werbung f\u00fcr diese zu optimieren, (3) die dauerhafte Funktionsf\u00e4higkeit unserer informationstechnologischen Systeme und der Technik unserer Internetseite zu gew\u00e4hrleisten sowie (4) um Strafverfolgungsbeh\u00f6rden im Falle eines Cyberangriffes die zur Strafverfolgung notwendigen Informationen bereitzustellen. Diese anonym erhobenen Daten und Informationen werden durch Kerstin Maier daher einerseits statistisch und ferner mit dem Ziel ausgewertet, den Datenschutz und die Datensicherheit  zu erh\u00f6hen, um letztlich ein optimales Schutzniveau f\u00fcr die von uns verarbeiteten personenbezogenen Daten sicherzustellen. Die anonymen Daten der Server-Logfiles werden getrennt von allen durch eine betroffene Person angegebenen personenbezogenen Daten gespeichert.<\/p>\n\n\n\n<h5 class=\"wp-block-heading\">5. Kontaktm\u00f6glichkeit \u00fcber die Internetseite<\/h5>\n\n\n\n<p>Die Internetseite von Kerstin Maier enth\u00e4lt aufgrund von gesetzlichen Vorschriften Angaben, die eine schnelle elektronische Kontaktaufnahme sowie eine unmittelbare Kommunikation erm\u00f6glichen, was ebenfalls eine allgemeine Adresse der sogenannten elektronischen Post (E-Mail-Adresse) umfasst. Sofern eine betroffene Person per E-Mail oder \u00fcber ein Kontaktformular den Kontakt mit dem f\u00fcr die Verarbeitung Verantwortlichen aufnimmt, werden die von der betroffenen Person \u00fcbermittelten personenbezogenen Daten automatisch gespeichert. Solche auf freiwilliger Basis von einer betroffenen Person an den f\u00fcr die Verarbeitung Verantwortlichen \u00fcbermittelten personenbezogenen Daten werden f\u00fcr Zwecke der Bearbeitung oder der Kontaktaufnahme zur betroffenen Person gespeichert. Es erfolgt keine Weitergabe dieser personenbezogenen Daten an Dritte.<\/p>\n\n\n\n<h3 class=\"wp-block-heading\">6. Routinem\u00e4\u00dfige L\u00f6schung und Sperrung von personenbezogenen Daten<\/h3>\n\n\n\n<p>Der f\u00fcr die Verarbeitung Verantwortliche verarbeitet und speichert personenbezogene Daten der betroffenen Person nur f\u00fcr den Zeitraum, der zur Erreichung des Speicherungszwecks erforderlich ist oder sofern dies durch den Europ\u00e4ischen Richtlinien- und Verordnungsgeber oder einen anderen Gesetzgeber in Gesetzen oder Vorschriften, welchen der f\u00fcr die Verarbeitung Verantwortliche unterliegt, vorgesehen wurde.<\/p>\n\n\n\n<p>Entf\u00e4llt der Speicherungszweck oder l\u00e4uft eine vom Europ\u00e4ischen Richtlinien- und Verordnungsgeber oder einem anderen zust\u00e4ndigen Gesetzgeber vorgeschriebene Speicherfrist ab, werden die personenbezogenen Daten routinem\u00e4\u00dfig und entsprechend den gesetzlichen Vorschriften gesperrt oder gel\u00f6scht.<\/p>\n\n\n\n<h3 class=\"wp-block-heading\">7. Rechte der betroffenen Person<\/h3>\n\n\n\n<ul class=\"wp-block-list\">\n<li> a)&nbsp;Recht auf Best\u00e4tigung <p>Jede betroffene Person hat das vom Europ\u00e4ischen Richtlinien- und Verordnungsgeber einger\u00e4umte Recht, von dem f\u00fcr die Verarbeitung Verantwortlichen eine Best\u00e4tigung dar\u00fcber zu verlangen, ob sie betreffende personenbezogene Daten verarbeitet werden. M\u00f6chte eine betroffene Person dieses Best\u00e4tigungsrecht in Anspruch nehmen, kann sie sich hierzu jederzeit an einen Mitarbeiter des f\u00fcr die Verarbeitung Verantwortlichen wenden.<\/p> <\/li>\n\n\n\n<li>b) Recht auf Auskunft <p>Jede von der Verarbeitung personenbezogener Daten betroffene Person hat das vom Europ\u00e4ischen Richtlinien- und Verordnungsgeber gew\u00e4hrte Recht, jederzeit von dem f\u00fcr die Verarbeitung Verantwortlichen unentgeltliche Auskunft \u00fcber die zu seiner Person gespeicherten personenbezogenen Daten und eine Kopie dieser Auskunft zu erhalten. Ferner hat der Europ\u00e4ische Richtlinien- und Verordnungsgeber der betroffenen Person Auskunft \u00fcber folgende Informationen zugestanden: <\/p><ul style=\"list-style: none;\"><li>die Verarbeitungszwecke<\/li> <li>die Kategorien personenbezogener Daten, die verarbeitet werden<\/li> <li>die Empf\u00e4nger oder Kategorien von Empf\u00e4ngern, gegen\u00fcber denen die personenbezogenen Daten offengelegt worden sind oder noch offengelegt werden, insbesondere bei Empf\u00e4ngern in Drittl\u00e4ndern oder bei internationalen Organisationen<\/li> <li>falls m\u00f6glich die geplante Dauer, f\u00fcr die die personenbezogenen Daten gespeichert werden, oder, falls dies nicht m\u00f6glich ist, die Kriterien f\u00fcr die Festlegung dieser Dauer<\/li> <li>das Bestehen eines Rechts auf Berichtigung oder L\u00f6schung der sie betreffenden personenbezogenen Daten oder auf Einschr\u00e4nkung der Verarbeitung durch den Verantwortlichen oder eines Widerspruchsrechts gegen diese Verarbeitung<\/li> <li>das Bestehen eines Beschwerderechts bei einer Aufsichtsbeh\u00f6rde<\/li> <li>wenn die personenbezogenen Daten nicht bei der betroffenen Person erhoben werden: Alle verf\u00fcgbaren Informationen \u00fcber die Herkunft der Daten<\/li> <li>das Bestehen einer automatisierten Entscheidungsfindung einschlie\u00dflich Profiling gem\u00e4\u00df Artikel 22 Abs.1 und 4 DS-GVO und \u2014 zumindest in diesen F\u00e4llen \u2014 aussagekr\u00e4ftige Informationen \u00fcber die involvierte Logik sowie die Tragweite und die angestrebten Auswirkungen einer derartigen Verarbeitung f\u00fcr die betroffene Person<\/li> <\/ul>Ferner steht der betroffenen Person ein Auskunftsrecht dar\u00fcber zu, ob personenbezogene Daten an ein Drittland oder an eine internationale Organisation \u00fcbermittelt wurden. Sofern dies der Fall ist, so steht der betroffenen Person im \u00dcbrigen das Recht zu, Auskunft \u00fcber die geeigneten Garantien im Zusammenhang mit der \u00dcbermittlung zu erhalten. <p>M\u00f6chte eine betroffene Person dieses Auskunftsrecht in Anspruch nehmen, kann sie sich hierzu jederzeit an einen Mitarbeiter des f\u00fcr die Verarbeitung Verantwortlichen wenden.<\/p> <\/li>\n\n\n\n<li> c)&nbsp;Recht auf Berichtigung <p>Jede von der Verarbeitung personenbezogener Daten betroffene Person hat das vom Europ\u00e4ischen Richtlinien- und Verordnungsgeber gew\u00e4hrte Recht, die unverz\u00fcgliche Berichtigung sie betreffender unrichtiger personenbezogener Daten zu verlangen. Ferner steht der betroffenen Person das Recht zu, unter Ber\u00fccksichtigung der Zwecke der Verarbeitung, die Vervollst\u00e4ndigung unvollst\u00e4ndiger personenbezogener Daten \u2014 auch mittels einer erg\u00e4nzenden Erkl\u00e4rung \u2014 zu verlangen.<\/p> M\u00f6chte eine betroffene Person dieses Berichtigungsrecht in Anspruch nehmen, kann sie sich hierzu jederzeit an einen Mitarbeiter des f\u00fcr die Verarbeitung Verantwortlichen wenden. <br><\/li>\n\n\n\n<li> d)&nbsp;Recht auf L\u00f6schung (Recht auf Vergessen werden) <p>Jede von der Verarbeitung personenbezogener Daten betroffene Person hat das vom Europ\u00e4ischen Richtlinien- und Verordnungsgeber gew\u00e4hrte Recht, von dem Verantwortlichen zu verlangen, dass die sie betreffenden personenbezogenen Daten unverz\u00fcglich gel\u00f6scht werden, sofern einer der folgenden Gr\u00fcnde zutrifft und soweit die Verarbeitung nicht erforderlich ist:<\/p><ul style=\"list-style: none;\"><li>Die personenbezogenen Daten wurden f\u00fcr solche Zwecke erhoben oder auf sonstige Weise verarbeitet, f\u00fcr welche sie nicht mehr notwendig sind.<\/li> <li>Die betroffene Person widerruft ihre Einwilligung, auf die sich die Verarbeitung gem\u00e4\u00df Art. 6 Abs. 1 Buchstabe a DS-GVO oder Art. 9 Abs. 2 Buchstabe a DS-GVO st\u00fctzte, und es fehlt an einer anderweitigen Rechtsgrundlage f\u00fcr die Verarbeitung.<\/li> <li>Die betroffene Person legt gem\u00e4\u00df Art. 21 Abs. 1 DS-GVO Widerspruch gegen die Verarbeitung ein, und es liegen keine vorrangigen berechtigten Gr\u00fcnde f\u00fcr die Verarbeitung vor, oder die betroffene Person legt gem\u00e4\u00df Art. 21 Abs. 2 DS-GVO Widerspruch gegen die Verarbeitung ein.<\/li> <li>Die personenbezogenen Daten wurden unrechtm\u00e4\u00dfig verarbeitet.<\/li> <li>Die L\u00f6schung der personenbezogenen Daten ist zur Erf\u00fcllung einer rechtlichen Verpflichtung nach dem Unionsrecht oder dem Recht der Mitgliedstaaten erforderlich, dem der Verantwortliche unterliegt.<\/li> <li>Die personenbezogenen Daten wurden in Bezug auf angebotene Dienste der Informationsgesellschaft gem\u00e4\u00df Art. 8 Abs. 1 DS-GVO erhoben.<\/li><\/ul><p>Sofern einer der oben genannten Gr\u00fcnde zutrifft und eine betroffene Person die L\u00f6schung von personenbezogenen Daten, die bei Kerstin Maier gespeichert sind, veranlassen m\u00f6chte, kann sie sich hierzu jederzeit an einen Mitarbeiter des f\u00fcr die Verarbeitung Verantwortlichen wenden. Kerstin Maier wird veranlassen, dass dem L\u00f6schverlangen unverz\u00fcglich nachgekommen wird.<\/p><p>Wurden die personenbezogenen Daten von Kerstin Maier \u00f6ffentlich gemacht und ist sie als Verantwortlicher gem\u00e4\u00df Art. 17 Abs. 1 DS-GVO zur L\u00f6schung der personenbezogenen Daten verpflichtet, so trifft Kerstin Maier unter Ber\u00fccksichtigung der verf\u00fcgbaren Technologie und der Implementierungskosten angemessene Ma\u00dfnahmen, auch technischer Art, um andere f\u00fcr die Datenverarbeitung Verantwortliche, welche die ver\u00f6ffentlichten personenbezogenen Daten verarbeiten, dar\u00fcber in Kenntnis zu setzen, dass die betroffene Person von diesen anderen f\u00fcr die Datenverarbeitung Verantwortlichen die L\u00f6schung s\u00e4mtlicher Links zu diesen personenbezogenen Daten oder von Kopien oder Replikationen dieser personenbezogenen Daten verlangt hat, soweit die Verarbeitung nicht erforderlich ist. Kerstin Maier wird im Einzelfall das Notwendige veranlassen.<\/p> <\/li>\n\n\n\n<li> e)&nbsp;Recht auf Einschr\u00e4nkung der Verarbeitung <p>Jede von der Verarbeitung personenbezogener Daten betroffene Person hat das vom Europ\u00e4ischen Richtlinien- und Verordnungsgeber gew\u00e4hrte Recht, von dem Verantwortlichen die Einschr\u00e4nkung der Verarbeitung zu verlangen, wenn eine der folgenden Voraussetzungen gegeben ist: <\/p><ul style=\"list-style: none;\"><li>Die Richtigkeit der personenbezogenen Daten wird von der betroffenen Person bestritten, und zwar f\u00fcr eine Dauer, die es dem Verantwortlichen erm\u00f6glicht, die Richtigkeit der personenbezogenen Daten zu \u00fcberpr\u00fcfen.<\/li> <li>Die Verarbeitung ist unrechtm\u00e4\u00dfig, die betroffene Person lehnt die L\u00f6schung der personenbezogenen Daten ab und verlangt stattdessen die Einschr\u00e4nkung der Nutzung der personenbezogenen Daten.<\/li> <li>Der Verantwortliche ben\u00f6tigt die personenbezogenen Daten f\u00fcr die Zwecke der Verarbeitung nicht l\u00e4nger, die betroffene Person ben\u00f6tigt sie jedoch zur Geltendmachung, Aus\u00fcbung oder Verteidigung von Rechtsanspr\u00fcchen.<\/li> <li>Die betroffene Person hat Widerspruch gegen die Verarbeitung gem. Art. 21 Abs. 1 DS-GVO eingelegt und es steht noch nicht fest, ob die berechtigten Gr\u00fcnde des Verantwortlichen gegen\u00fcber denen der betroffenen Person \u00fcberwiegen.<\/li><\/ul><p>Sofern eine der oben genannten Voraussetzungen gegeben ist und eine betroffene Person die Einschr\u00e4nkung von personenbezogenen Daten, die bei Kerstin Maier gespeichert sind, verlangen m\u00f6chte, kann sie sich hierzu jederzeit an einen Mitarbeiter des f\u00fcr die Verarbeitung Verantwortlichen wenden. Kerstin Maier wird die Einschr\u00e4nkung der Verarbeitung veranlassen.<\/p> <\/li>\n\n\n\n<li> f)&nbsp;Recht auf Daten\u00fcbertragbarkeit <p>Jede von der Verarbeitung personenbezogener Daten betroffene Person hat das vom Europ\u00e4ischen Richtlinien- und Verordnungsgeber gew\u00e4hrte Recht, die sie betreffenden personenbezogenen Daten, welche durch die betroffene Person einem Verantwortlichen bereitgestellt wurden, in einem strukturierten, g\u00e4ngigen und maschinenlesbaren Format zu erhalten. Sie hat au\u00dferdem das Recht, diese Daten einem anderen Verantwortlichen ohne Behinderung durch den Verantwortlichen, dem die personenbezogenen Daten bereitgestellt wurden, zu \u00fcbermitteln, sofern die Verarbeitung auf der Einwilligung gem\u00e4\u00df Art. 6 Abs. 1 Buchstabe a DS-GVO oder Art. 9 Abs. 2 Buchstabe a DS-GVO oder auf einem Vertrag gem\u00e4\u00df Art. 6 Abs. 1 Buchstabe b DS-GVO beruht und die Verarbeitung mithilfe automatisierter Verfahren erfolgt, sofern die Verarbeitung nicht f\u00fcr die Wahrnehmung einer Aufgabe erforderlich ist, die im \u00f6ffentlichen Interesse liegt oder in Aus\u00fcbung \u00f6ffentlicher Gewalt erfolgt, welche dem Verantwortlichen \u00fcbertragen wurde.<\/p><p>Ferner hat die betroffene Person bei der Aus\u00fcbung ihres Rechts auf Daten\u00fcbertragbarkeit gem\u00e4\u00df Art. 20 Abs. 1 DS-GVO das Recht, zu erwirken, dass die personenbezogenen Daten direkt von einem Verantwortlichen an einen anderen Verantwortlichen \u00fcbermittelt werden, soweit dies technisch machbar ist und sofern hiervon nicht die Rechte und Freiheiten anderer Personen beeintr\u00e4chtigt werden.<\/p><p>Zur Geltendmachung des Rechts auf Daten\u00fcbertragbarkeit kann sich die betroffene Person jederzeit an Kerstin Maier wenden.<\/p> <\/li>\n\n\n\n<li> g)&nbsp;Recht auf Widerspruch <p>Jede von der Verarbeitung personenbezogener Daten betroffene Person hat das vom Europ\u00e4ischen Richtlinien- und Verordnungsgeber gew\u00e4hrte Recht, aus Gr\u00fcnden, die sich aus ihrer besonderen Situation ergeben, jederzeit gegen die Verarbeitung sie betreffender personenbezogener Daten, die aufgrund von Art. 6 Abs. 1 Buchstaben e oder f DS-GVO erfolgt, Widerspruch einzulegen. Dies gilt auch f\u00fcr ein auf diese Bestimmungen gest\u00fctztes Profiling.<\/p><p>Kerstin Maier verarbeitet die personenbezogenen Daten im Falle des Widerspruchs nicht mehr, es sei denn, wir k\u00f6nnen zwingende schutzw\u00fcrdige Gr\u00fcnde f\u00fcr die Verarbeitung nachweisen, die den Interessen, Rechten und Freiheiten der betroffenen Person \u00fcberwiegen, oder die Verarbeitung dient der Geltendmachung, Aus\u00fcbung oder Verteidigung von Rechtsanspr\u00fcchen.<\/p><p>Verarbeitet Kerstin Maier personenbezogene Daten, um Direktwerbung zu betreiben, so hat die betroffene Person das Recht, jederzeit Widerspruch gegen die Verarbeitung der personenbezogenen Daten zum Zwecke derartiger Werbung einzulegen. Dies gilt auch f\u00fcr das Profiling, soweit es mit solcher Direktwerbung in Verbindung steht. Widerspricht die betroffene Person gegen\u00fcber Kerstin Maier der Verarbeitung f\u00fcr Zwecke der Direktwerbung, so wird Kerstin Maier die personenbezogenen Daten nicht mehr f\u00fcr diese Zwecke verarbeiten.<\/p><p>Zudem hat die betroffene Person das Recht, aus Gr\u00fcnden, die sich aus ihrer besonderen Situation ergeben, gegen die sie betreffende Verarbeitung personenbezogener Daten, die bei Kerstin Maier zu wissenschaftlichen oder historischen Forschungszwecken oder zu statistischen Zwecken gem\u00e4\u00df Art. 89 Abs. 1 DS-GVO erfolgen, Widerspruch einzulegen, es sei denn, eine solche Verarbeitung ist zur Erf\u00fcllung einer im \u00f6ffentlichen Interesse liegenden Aufgabe erforderlich.<\/p><p>Zur Aus\u00fcbung des Rechts auf Widerspruch kann sich die betroffene Person direkt an Kerstin Maier wenden. Der betroffenen Person steht es ferner frei, im Zusammenhang mit der Nutzung von Diensten der Informationsgesellschaft, ungeachtet der Richtlinie 2002\/58\/EG, ihr Widerspruchsrecht mittels automatisierter Verfahren auszu\u00fcben, bei denen technische Spezifikationen verwendet werden.<\/p><\/li>\n\n\n\n<li> h)&nbsp;Automatisierte Entscheidungen im Einzelfall einschlie\u00dflich Profiling <p>Jede von der Verarbeitung personenbezogener Daten betroffene Person hat das vom Europ\u00e4ischen Richtlinien- und Verordnungsgeber gew\u00e4hrte Recht, nicht einer ausschlie\u00dflich auf einer automatisierten Verarbeitung \u2014 einschlie\u00dflich Profiling \u2014 beruhenden Entscheidung unterworfen zu werden, die ihr gegen\u00fcber rechtliche Wirkung entfaltet oder sie in \u00e4hnlicher Weise erheblich beeintr\u00e4chtigt, sofern die Entscheidung (1) nicht f\u00fcr den Abschluss oder die Erf\u00fcllung eines Vertrags zwischen der betroffenen Person und dem Verantwortlichen erforderlich ist, oder (2) aufgrund von Rechtsvorschriften der Union oder der Mitgliedstaaten, denen der Verantwortliche unterliegt, zul\u00e4ssig ist und diese Rechtsvorschriften angemessene Ma\u00dfnahmen zur Wahrung der Rechte und Freiheiten sowie der berechtigten Interessen der betroffenen Person enthalten oder (3) mit ausdr\u00fccklicher Einwilligung der betroffenen Person erfolgt.<\/p><p>Ist die Entscheidung (1) f\u00fcr den Abschluss oder die Erf\u00fcllung eines Vertrags zwischen der betroffenen Person und dem Verantwortlichen erforderlich oder (2) erfolgt sie mit ausdr\u00fccklicher Einwilligung der betroffenen Person, trifft Kerstin Maier angemessene Ma\u00dfnahmen, um die Rechte und Freiheiten sowie die berechtigten Interessen der betroffenen Person zu wahren, wozu mindestens das Recht auf Erwirkung des Eingreifens einer Person seitens des Verantwortlichen, auf Darlegung des eigenen Standpunkts und auf Anfechtung der Entscheidung geh\u00f6rt.<\/p><p>M\u00f6chte die betroffene Person Rechte mit Bezug auf automatisierte Entscheidungen geltend machen, kann sie sich hierzu jederzeit an einen Mitarbeiter des f\u00fcr die Verarbeitung Verantwortlichen wenden.<\/p> <\/li>\n\n\n\n<li> i)&nbsp;Recht auf Widerruf einer datenschutzrechtlichen Einwilligung <p>Jede von der Verarbeitung personenbezogener Daten betroffene Person hat das vom Europ\u00e4ischen Richtlinien- und Verordnungsgeber gew\u00e4hrte Recht, eine Einwilligung zur Verarbeitung personenbezogener Daten jederzeit zu widerrufen.<\/p> M\u00f6chte die betroffene Person ihr Recht auf Widerruf einer Einwilligung geltend machen, kann sie sich hierzu jederzeit an einen Mitarbeiter des f\u00fcr die Verarbeitung Verantwortlichen wenden. <\/li>\n<\/ul>\n\n\n\n<h3 class=\"wp-block-heading\">8. Rechtsgrundlage der Verarbeitung<\/h3>\n\n\n\n<p>Art. 6 I lit. a DS-GVO dient als Rechtsgrundlage f\u00fcr Verarbeitungsvorg\u00e4nge, bei denen wir eine Einwilligung f\u00fcr einen bestimmten Verarbeitungszweck einholen. Ist die Verarbeitung personenbezogener Daten zur Erf\u00fcllung eines Vertrags, dessen Vertragspartei die betroffene Person ist, erforderlich, wie dies beispielsweise bei Verarbeitungsvorg\u00e4ngen der Fall ist, die f\u00fcr eine Lieferung von Waren oder die Erbringung einer sonstigen Leistung oder Gegenleistung notwendig sind, so beruht die Verarbeitung auf Art. 6 I lit. b DS-GVO. Gleiches gilt f\u00fcr solche Verarbeitungsvorg\u00e4nge die zur Durchf\u00fchrung vorvertraglicher Ma\u00dfnahmen erforderlich sind, etwa in F\u00e4llen von Anfragen zur unseren Produkten oder Leistungen. Unterliegt das Unternehmen einer rechtlichen Verpflichtung durch welche eine Verarbeitung von personenbezogenen Daten erforderlich wird, wie beispielsweise zur Erf\u00fcllung steuerlicher Pflichten, so basiert die Verarbeitung auf Art. 6 I lit. c DS-GVO. In seltenen F\u00e4llen k\u00f6nnte die Verarbeitung von personenbezogenen Daten erforderlich werden, um lebenswichtige Interessen der betroffenen Person oder einer anderen nat\u00fcrlichen Person zu sch\u00fctzen. Dies w\u00e4re beispielsweise der Fall, wenn ein Besucher in unserem Betrieb verletzt werden w\u00fcrde und daraufhin sein Name, sein Alter, seine Krankenkassendaten oder sonstige lebenswichtige Informationen an einen Arzt, ein Krankenhaus oder sonstige Dritte weitergegeben werden m\u00fcssten. Dann w\u00fcrde die Verarbeitung auf Art. 6 I lit. d DS-GVO beruhen.<br>Letztlich k\u00f6nnten Verarbeitungsvorg\u00e4nge auf Art. 6 I lit. f DS-GVO beruhen. Auf dieser Rechtsgrundlage basieren Verarbeitungsvorg\u00e4nge, die von keiner der vorgenannten Rechtsgrundlagen erfasst werden, wenn die Verarbeitung zur Wahrung eines berechtigten Interesses unsererseits oder eines Dritten erforderlich ist, sofern die Interessen, Grundrechte und Grundfreiheiten des Betroffenen nicht \u00fcberwiegen. Solche Verarbeitungsvorg\u00e4nge sind uns insbesondere deshalb gestattet, weil sie durch den Europ\u00e4ischen Gesetzgeber besonders erw\u00e4hnt wurden. Er vertrat insoweit die Auffassung, dass ein berechtigtes Interesse anzunehmen sein k\u00f6nnte, wenn die betroffene Person ein Kunde des Verantwortlichen ist (Erw\u00e4gungsgrund 47 Satz 2 DS-GVO).<\/p>\n\n\n\n<h3 class=\"wp-block-heading\">9. Berechtigte Interessen an der Verarbeitung, die von dem Verantwortlichen oder einem Dritten verfolgt werden<\/h3>\n\n\n\n<p>Basiert die Verarbeitung personenbezogener Daten auf Artikel 6 I lit. f DS-GVO ist unser berechtigtes Interesse die Durchf\u00fchrung unserer Gesch\u00e4ftst\u00e4tigkeit zugunsten des Wohlergehens all unserer Mitarbeiter und unserer Anteilseigner.<\/p>\n\n\n\n<h3 class=\"wp-block-heading\">10. Dauer, f\u00fcr die die personenbezogenen Daten gespeichert werden<\/h3>\n\n\n\n<p>Das Kriterium f\u00fcr die Dauer der Speicherung von personenbezogenen Daten ist die jeweilige gesetzliche Aufbewahrungsfrist. Nach Ablauf der Frist werden die entsprechenden Daten routinem\u00e4\u00dfig gel\u00f6scht, sofern sie nicht mehr zur Vertragserf\u00fcllung oder Vertragsanbahnung erforderlich sind.<\/p>\n\n\n\n<h3 class=\"wp-block-heading\">11. Gesetzliche oder vertragliche Vorschriften zur Bereitstellung der personenbezogenen Daten; Erforderlichkeit f\u00fcr den Vertragsabschluss; Verpflichtung der betroffenen Person, die personenbezogenen Daten bereitzustellen; m\u00f6gliche Folgen der Nichtbereitstellung<\/h3>\n\n\n\n<p>Wir kl\u00e4ren Sie dar\u00fcber auf, dass die Bereitstellung personenbezogener Daten zum Teil gesetzlich vorgeschrieben ist (z.B. Steuervorschriften) oder sich auch aus vertraglichen Regelungen (z.B. Angaben zum Vertragspartner) ergeben kann.<br>Mitunter kann es zu einem Vertragsschluss erforderlich sein, dass eine betroffene Person uns personenbezogene Daten zur Verf\u00fcgung stellt, die in der Folge durch uns verarbeitet werden m\u00fcssen. Die betroffene Person ist beispielsweise verpflichtet uns personenbezogene Daten bereitzustellen, wenn wir mit ihr einen Vertrag abschlie\u00dfen. Eine Nichtbereitstellung der personenbezogenen Daten h\u00e4tte zur Folge, dass der Vertrag mit dem Betroffenen nicht geschlossen werden k\u00f6nnte.<br>Vor einer Bereitstellung personenbezogener Daten durch den Betroffenen muss sich der Betroffene an einen unserer Mitarbeiter wenden. Unser Mitarbeiter kl\u00e4rt den Betroffenen einzelfallbezogen dar\u00fcber auf, ob die Bereitstellung der personenbezogenen Daten gesetzlich oder vertraglich vorgeschrieben oder f\u00fcr den Vertragsabschluss erforderlich ist, ob eine Verpflichtung besteht, die personenbezogenen Daten bereitzustellen, und welche Folgen die Nichtbereitstellung der personenbezogenen Daten h\u00e4tte.<\/p>\n\n\n\n<h3 class=\"wp-block-heading\">12.. Bestehen einer automatisierten Entscheidungsfindung<\/h3>\n\n\n\n<p>Es wird auf eine automatische Entscheidungsfindung oder ein Profiling verzichtet.<\/p>\n\n\n\n<p>Diese Muster Datenschutzerkl\u00e4rung wurde durch den <a href=\"https:\/\/dg-datenschutz.de\/muster-datenschutzerklaerung\/\">Datenschutzerkl\u00e4rungsgenerator<\/a> der Deutschen Gesellschaft f\u00fcr Datenschutz, in Kooperation mit den <b><a href=\"https:\/\/www.wbs-law.de\/taetigkeitsgebiete\/medienrecht\/\">Medienrecht<\/a> Anw\u00e4lten WILDE BEUGER SOLMECKE | Rechtsanw\u00e4lte erstellt. <\/b><\/p>\n\n\n\n<div style=\"height:1rem\" aria-hidden=\"true\" class=\"wp-block-spacer\"><\/div>\n\n\n\n<h2 class=\"wp-block-heading\">Cookie-Richtlinie<\/h2>\n\n\n\n<div class=\"cmplz-selectable\">\n<!-- Legal document generated by Complianz | GDPR\/CCPA Cookie Consent https:\/\/wordpress.org\/plugins\/complianz-gdpr -->\n<div id=\"cmplz-document\" class=\"cmplz-document cookie-statement cmplz-document-eu\"><p><i>Diese Cookie-Richtlinie wurde zuletzt am 19. M\u00e4rz 2026 aktualisiert und gilt f\u00fcr B\u00fcrger und Einwohner mit st\u00e4ndigem Wohnsitz im Europ\u00e4ischen Wirtschaftsraum und der Schweiz.<\/i><br><\/p><h2>1. Einf\u00fchrung<\/h2><p>Unsere Website, <a href=\"https:\/\/www.kemai.de\/de\">https:\/\/www.kemai.de\/de<\/a> (im folgenden: \"Die Website\") verwendet Cookies und \u00e4hnliche Technologien (der Einfachheit halber werden all diese unter \"Cookies\" zusammengefasst). Cookies werden au\u00dferdem von uns beauftragten Drittparteien platziert. In dem unten stehendem Dokument informieren wir dich \u00fcber die Verwendung von Cookies auf unserer Website.<\/p><h2>2. Was sind Cookies?<\/h2><p>Ein Cookie ist eine einfache kleine Datei, die gemeinsam mit den Seiten einer Internetadresse versendet und vom Webbrowser auf dem PC oder einem anderen Ger\u00e4t gespeichert werden kann. Die darin gespeicherten Informationen k\u00f6nnen w\u00e4hrend folgender Besuche zu unseren oder den Servern relevanter Drittanbieter gesendet werden.<\/p><h2>3. Was sind Skripte?<\/h2><p>Ein Script ist ein St\u00fcck Programmcode, das benutzt wird, um unserer Website Funktionalit\u00e4t und Interaktivit\u00e4t zu erm\u00f6glichen. Dieser Code wird auf unseren Servern oder auf deinem Ger\u00e4t ausgef\u00fchrt.<\/p><h2>4. Was ist ein Web Beacon?<\/h2><p>Ein Web-Beacon (auch Pixel-Tag genannt), ist ein kleines unsichtbares Textfragment oder Bild auf einer Website, das benutzt wird, um den Verkehr auf der Website zu \u00fcberwachen. Um dies zu erm\u00f6glichen werden diverse Daten von dir mittels Web-Beacons gespeichert.<\/p><h2>5. Cookies<\/h2><p class=\"cmplz-subtitle\">5.1 Technische oder funktionelle Cookies<\/p><p>Einige Cookies stellen sicher, dass bestimmte Teile der Website ordnungsgem\u00e4\u00df funktionieren und deine Benutzereinstellungen weiterhin in Erinnerung bleiben. Durch das Setzen funktionaler Cookies erleichtern wir dir den Besuch unserer Website. Auf diese Weise musst du beim Besuch unserer Website nicht wiederholt dieselben Informationen eingeben, so bleiben Artikel beispielsweise in deinem Warenkorb, bis du bezahlst. Wir k\u00f6nnen diese Cookies ohne deine Einwilligung platzieren.<\/p><p class=\"cmplz-subtitle\">5.2 Marketing- \/ Tracking-Cookies<\/p><p>Marketing- \/ Tracking-Cookies sind Cookies oder eine andere Form der lokalen Speicherung, die zur Erstellung von Benutzerprofilen verwendet werden, um Werbung anzuzeigen oder den Benutzer auf dieser Website oder \u00fcber mehrere Websites hinweg f\u00fcr \u00e4hnliche Marketingzwecke zu verfolgen.<\/p><h2>6. Platzierte Cookies<\/h2><div id=\"cmplz-cookies-overview\"><details class=\"cmplz-dropdown cmplz-service-desc cmplz-dropdown-cookiepolicy \">\n\t<summary class=\"cmplz-service-header\"><div>\n\t\t<h3>WordPress<\/h3>\n\t\t<p>Funktional<\/p>\n\t\t<label for=\"cmplz_service_wordpress\" class=\"cmplz_consent_per_service_label\"><span class=\"screen-reader-text\">Consent to service wordpress<\/span><\/label>\n\t\t<input type=\"checkbox\" id=\"cmplz_service_wordpress\" class=\"cmplz-accept-service cmplz-hidden\" data-service=\"wordpress\" data-category=\"functional\"><\/div>\n\t<\/summary>\n\t<div class=\"cmplz-service-description\">\n\t\t<h4>Verwendung<\/h4>\n\t\t<p>Wir verwenden WordPress f\u00fcr Website-Entwicklung. <a target=\"_blank\" rel=\"noopener noreferrer nofollow\" href=\"https:\/\/cookiedatabase.org\/service\/wordpress\/\">Weitere Informationen zu WordPress<\/a><\/p>\n\t<\/div>\n\t<div class=\"cmplz-sharing-data\">\n\t\t<h4>Weitergabe von Daten<\/h4>\n\t\t<p>Diese Daten werden nicht an Dritte weitergegeben.<\/p>\n\t<\/div>\n\t<div class=\"cookies-per-purpose\">\n    <div class=\"purpose\"><h4>Funktional<\/h4><\/div>\n    <div class=\"name-header\">\n\t<h5>Name<\/h5>\n<\/div>\n<div class=\"name\"><a target=\"_blank\" rel=\"noopener noreferrer nofollow\" href=\"https:\/\/cookiedatabase.org\/cookie\/wordpress\/wp_preferences_user_\/\">WP_PREFERENCES_USER_*<\/a><\/div>\n<div class=\"retention-header\">\n\t<h5>Ablaufdatum<\/h5>\n<\/div>\n<div class=\"retention\">best\u00e4ndig<\/div>\n<div class=\"function-header\">\n\t<h5>Funktion<\/h5>\n<\/div>\n<div class=\"function\">Speicher die Benutzervorlieben<\/div>\n<div class=\"name-header\">\n\t<h5>Name<\/h5>\n<\/div>\n<div class=\"name\"><a target=\"_blank\" rel=\"noopener noreferrer nofollow\" href=\"https:\/\/cookiedatabase.org\/cookie\/wordpress\/wpemojisettingssupports\/\">wpEmojiSettingsSupports<\/a><\/div>\n<div class=\"retention-header\">\n\t<h5>Ablaufdatum<\/h5>\n<\/div>\n<div class=\"retention\">Sitzung<\/div>\n<div class=\"function-header\">\n\t<h5>Funktion<\/h5>\n<\/div>\n<div class=\"function\">Speichere Browser-Angaben<\/div>\n<div class=\"name-header\">\n\t<h5>Name<\/h5>\n<\/div>\n<div class=\"name\"><a target=\"_blank\" rel=\"noopener noreferrer nofollow\" href=\"https:\/\/cookiedatabase.org\/cookie\/wordpress\/wordpress_test_cookie\/\">wordpress_test_cookie<\/a><\/div>\n<div class=\"retention-header\">\n\t<h5>Ablaufdatum<\/h5>\n<\/div>\n<div class=\"retention\">Sitzung<\/div>\n<div class=\"function-header\">\n\t<h5>Funktion<\/h5>\n<\/div>\n<div class=\"function\">\u00fcberpr\u00fcft, ob Cookies gesetzt werden k\u00f6nnen<\/div>\n<div class=\"name-header\">\n\t<h5>Name<\/h5>\n<\/div>\n<div class=\"name\"><a target=\"_blank\" rel=\"noopener noreferrer nofollow\" href=\"https:\/\/cookiedatabase.org\/cookie\/wordpress\/wp_lang\/\">wp_lang<\/a><\/div>\n<div class=\"retention-header\">\n\t<h5>Ablaufdatum<\/h5>\n<\/div>\n<div class=\"retention\">Sitzung<\/div>\n<div class=\"function-header\">\n\t<h5>Funktion<\/h5>\n<\/div>\n<div class=\"function\">Speichere Spracheinstellungen<\/div>\n<div class=\"name-header\">\n\t<h5>Name<\/h5>\n<\/div>\n<div class=\"name\"><a target=\"_blank\" rel=\"noopener noreferrer nofollow\" href=\"https:\/\/cookiedatabase.org\/cookie\/wordpress\/wp-settings\/\">wp-settings-*<\/a><\/div>\n<div class=\"retention-header\">\n\t<h5>Ablaufdatum<\/h5>\n<\/div>\n<div class=\"retention\">best\u00e4ndig<\/div>\n<div class=\"function-header\">\n\t<h5>Funktion<\/h5>\n<\/div>\n<div class=\"function\">Speicher die Benutzervorlieben<\/div>\n<div class=\"name-header\">\n\t<h5>Name<\/h5>\n<\/div>\n<div class=\"name\"><a target=\"_blank\" rel=\"noopener noreferrer nofollow\" href=\"https:\/\/cookiedatabase.org\/cookie\/wordpress\/wp-settings-time\/\">wp-settings-time-*<\/a><\/div>\n<div class=\"retention-header\">\n\t<h5>Ablaufdatum<\/h5>\n<\/div>\n<div class=\"retention\">1 Jahr<\/div>\n<div class=\"function-header\">\n\t<h5>Funktion<\/h5>\n<\/div>\n<div class=\"function\">Speicher die Benutzervorlieben<\/div>\n<div class=\"name-header\">\n\t<h5>Name<\/h5>\n<\/div>\n<div class=\"name\"><a target=\"_blank\" rel=\"noopener noreferrer nofollow\" href=\"https:\/\/cookiedatabase.org\/cookie\/wordpress\/wordpress_logged_in_\/\">wordpress_logged_in_*<\/a><\/div>\n<div class=\"retention-header\">\n\t<h5>Ablaufdatum<\/h5>\n<\/div>\n<div class=\"retention\">best\u00e4ndig<\/div>\n<div class=\"function-header\">\n\t<h5>Funktion<\/h5>\n<\/div>\n<div class=\"function\">Benutzer eingeloggt lassen<\/div>\n\n<\/div>\n<\/details>\n<details class=\"cmplz-dropdown cmplz-service-desc cmplz-dropdown-cookiepolicy \">\n\t<summary class=\"cmplz-service-header\"><div>\n\t\t<h3>Complianz<\/h3>\n\t\t<p>Funktional<\/p>\n\t\t<label for=\"cmplz_service_complianz\" class=\"cmplz_consent_per_service_label\"><span class=\"screen-reader-text\">Consent to service complianz<\/span><\/label>\n\t\t<input type=\"checkbox\" id=\"cmplz_service_complianz\" class=\"cmplz-accept-service cmplz-hidden\" data-service=\"complianz\" data-category=\"functional\"><\/div>\n\t<\/summary>\n\t<div class=\"cmplz-service-description\">\n\t\t<h4>Verwendung<\/h4>\n\t\t<p>Wir verwenden Complianz f\u00fcr Verwaltung der Cookie-Einwilligung. <a target=\"_blank\" rel=\"noopener noreferrer nofollow\" href=\"https:\/\/cookiedatabase.org\/service\/complianz\/\">Weitere Informationen zu Complianz<\/a><\/p>\n\t<\/div>\n\t<div class=\"cmplz-sharing-data\">\n\t\t<h4>Weitergabe von Daten<\/h4>\n\t\t<p>Diese Daten werden nicht an Dritte weitergegeben.&nbsp;F\u00fcr weitere Informationen, bitte die <a target=\"_blank\" rel=\"noopener noreferrer\" href=\"https:\/\/complianz.io\/legal\/privacy-statement\/\">Complianz Datenschutzerkl\u00e4rung<\/a> lesen.<\/p>\n\t<\/div>\n\t<div class=\"cookies-per-purpose\">\n    <div class=\"purpose\"><h4>Funktional<\/h4><\/div>\n    <div class=\"name-header\">\n\t<h5>Name<\/h5>\n<\/div>\n<div class=\"name\"><a target=\"_blank\" rel=\"noopener noreferrer nofollow\" href=\"https:\/\/cookiedatabase.org\/cookie\/complianz\/cmplz_policy_id\/\">cmplz_policy_id<\/a><\/div>\n<div class=\"retention-header\">\n\t<h5>Ablaufdatum<\/h5>\n<\/div>\n<div class=\"retention\">365 Tage<\/div>\n<div class=\"function-header\">\n\t<h5>Funktion<\/h5>\n<\/div>\n<div class=\"function\">Erfasse die ID f\u00fcr die angenommene Cookie-Richtlinie<\/div>\n<div class=\"name-header\">\n\t<h5>Name<\/h5>\n<\/div>\n<div class=\"name\"><a target=\"_blank\" rel=\"noopener noreferrer nofollow\" href=\"https:\/\/cookiedatabase.org\/cookie\/complianz\/cmplz_marketing\/\">cmplz_marketing<\/a><\/div>\n<div class=\"retention-header\">\n\t<h5>Ablaufdatum<\/h5>\n<\/div>\n<div class=\"retention\">365 Tage<\/div>\n<div class=\"function-header\">\n\t<h5>Funktion<\/h5>\n<\/div>\n<div class=\"function\">Speichere Cookie-Einwilligungsvorgaben<\/div>\n<div class=\"name-header\">\n\t<h5>Name<\/h5>\n<\/div>\n<div class=\"name\"><a target=\"_blank\" rel=\"noopener noreferrer nofollow\" href=\"https:\/\/cookiedatabase.org\/cookie\/complianz\/cmplz_statistics\/\">cmplz_statistics<\/a><\/div>\n<div class=\"retention-header\">\n\t<h5>Ablaufdatum<\/h5>\n<\/div>\n<div class=\"retention\">365 Tage<\/div>\n<div class=\"function-header\">\n\t<h5>Funktion<\/h5>\n<\/div>\n<div class=\"function\">Speichere Cookie-Einwilligungsvorgaben<\/div>\n<div class=\"name-header\">\n\t<h5>Name<\/h5>\n<\/div>\n<div class=\"name\"><a target=\"_blank\" rel=\"noopener noreferrer nofollow\" href=\"https:\/\/cookiedatabase.org\/cookie\/complianz\/cmplz_preferences\/\">cmplz_preferences<\/a><\/div>\n<div class=\"retention-header\">\n\t<h5>Ablaufdatum<\/h5>\n<\/div>\n<div class=\"retention\">365 Tage<\/div>\n<div class=\"function-header\">\n\t<h5>Funktion<\/h5>\n<\/div>\n<div class=\"function\">Speichere Cookie-Einwilligungsvorgaben<\/div>\n<div class=\"name-header\">\n\t<h5>Name<\/h5>\n<\/div>\n<div class=\"name\"><a target=\"_blank\" rel=\"noopener noreferrer nofollow\" href=\"https:\/\/cookiedatabase.org\/cookie\/complianz\/cmplz_functional\/\">cmplz_functional<\/a><\/div>\n<div class=\"retention-header\">\n\t<h5>Ablaufdatum<\/h5>\n<\/div>\n<div class=\"retention\">365 Tage<\/div>\n<div class=\"function-header\">\n\t<h5>Funktion<\/h5>\n<\/div>\n<div class=\"function\">Speichere Cookie-Einwilligungsvorgaben<\/div>\n<div class=\"name-header\">\n\t<h5>Name<\/h5>\n<\/div>\n<div class=\"name\"><a target=\"_blank\" rel=\"noopener noreferrer nofollow\" href=\"https:\/\/cookiedatabase.org\/cookie\/complianz\/cmplz_consented_services\/\">cmplz_consented_services<\/a><\/div>\n<div class=\"retention-header\">\n\t<h5>Ablaufdatum<\/h5>\n<\/div>\n<div class=\"retention\">365 Tage<\/div>\n<div class=\"function-header\">\n\t<h5>Funktion<\/h5>\n<\/div>\n<div class=\"function\">Speichere Cookie-Einwilligungsvorgaben<\/div>\n<div class=\"name-header\">\n\t<h5>Name<\/h5>\n<\/div>\n<div class=\"name\"><a target=\"_blank\" rel=\"noopener noreferrer nofollow\" href=\"https:\/\/cookiedatabase.org\/cookie\/complianz\/cmplz_banner-status\/\">cmplz_banner-status<\/a><\/div>\n<div class=\"retention-header\">\n\t<h5>Ablaufdatum<\/h5>\n<\/div>\n<div class=\"retention\">365 Tage<\/div>\n<div class=\"function-header\">\n\t<h5>Funktion<\/h5>\n<\/div>\n<div class=\"function\">Store if the cookie banner has been dismissed<\/div>\n<div class=\"name-header\">\n\t<h5>Name<\/h5>\n<\/div>\n<div class=\"name\"><a target=\"_blank\" rel=\"noopener noreferrer nofollow\" href=\"https:\/\/cookiedatabase.org\/cookie\/complianz\/cmplz_rt_consented_services\/\">cmplz_rt_consented_services<\/a><\/div>\n<div class=\"retention-header\">\n\t<h5>Ablaufdatum<\/h5>\n<\/div>\n<div class=\"retention\">365 Tage<\/div>\n<div class=\"function-header\">\n\t<h5>Funktion<\/h5>\n<\/div>\n<div class=\"function\">Speichere Cookie-Einwilligungsvorgaben<\/div>\n<div class=\"name-header\">\n\t<h5>Name<\/h5>\n<\/div>\n<div class=\"name\"><a target=\"_blank\" rel=\"noopener noreferrer nofollow\" href=\"https:\/\/cookiedatabase.org\/cookie\/complianz\/cmplz_rt_policy_id\/\">cmplz_rt_policy_id<\/a><\/div>\n<div class=\"retention-header\">\n\t<h5>Ablaufdatum<\/h5>\n<\/div>\n<div class=\"retention\">365 Tage<\/div>\n<div class=\"function-header\">\n\t<h5>Funktion<\/h5>\n<\/div>\n<div class=\"function\">Erfasse die ID f\u00fcr die angenommene Cookie-Richtlinie<\/div>\n<div class=\"name-header\">\n\t<h5>Name<\/h5>\n<\/div>\n<div class=\"name\"><a target=\"_blank\" rel=\"noopener noreferrer nofollow\" href=\"https:\/\/cookiedatabase.org\/cookie\/complianz\/cmplz_rt_marketing\/\">cmplz_rt_marketing<\/a><\/div>\n<div class=\"retention-header\">\n\t<h5>Ablaufdatum<\/h5>\n<\/div>\n<div class=\"retention\">365 Tage<\/div>\n<div class=\"function-header\">\n\t<h5>Funktion<\/h5>\n<\/div>\n<div class=\"function\">Speichere Cookie-Einwilligungsvorgaben<\/div>\n<div class=\"name-header\">\n\t<h5>Name<\/h5>\n<\/div>\n<div class=\"name\"><a target=\"_blank\" rel=\"noopener noreferrer nofollow\" href=\"https:\/\/cookiedatabase.org\/cookie\/complianz\/cmplz_rt_statistics\/\">cmplz_rt_statistics<\/a><\/div>\n<div class=\"retention-header\">\n\t<h5>Ablaufdatum<\/h5>\n<\/div>\n<div class=\"retention\">365 Tage<\/div>\n<div class=\"function-header\">\n\t<h5>Funktion<\/h5>\n<\/div>\n<div class=\"function\">Speichere Cookie-Einwilligungsvorgaben<\/div>\n<div class=\"name-header\">\n\t<h5>Name<\/h5>\n<\/div>\n<div class=\"name\"><a target=\"_blank\" rel=\"noopener noreferrer nofollow\" href=\"https:\/\/cookiedatabase.org\/cookie\/complianz\/cmplz_rt_preferences\/\">cmplz_rt_preferences<\/a><\/div>\n<div class=\"retention-header\">\n\t<h5>Ablaufdatum<\/h5>\n<\/div>\n<div class=\"retention\">365 Tage<\/div>\n<div class=\"function-header\">\n\t<h5>Funktion<\/h5>\n<\/div>\n<div class=\"function\">Speichere Cookie-Einwilligungsvorgaben<\/div>\n<div class=\"name-header\">\n\t<h5>Name<\/h5>\n<\/div>\n<div class=\"name\"><a target=\"_blank\" rel=\"noopener noreferrer nofollow\" href=\"https:\/\/cookiedatabase.org\/cookie\/complianz\/cmplz_rt_functional\/\">cmplz_rt_functional<\/a><\/div>\n<div class=\"retention-header\">\n\t<h5>Ablaufdatum<\/h5>\n<\/div>\n<div class=\"retention\">365 Tage<\/div>\n<div class=\"function-header\">\n\t<h5>Funktion<\/h5>\n<\/div>\n<div class=\"function\">Speichere Cookie-Einwilligungsvorgaben<\/div>\n<div class=\"name-header\">\n\t<h5>Name<\/h5>\n<\/div>\n<div class=\"name\"><a target=\"_blank\" rel=\"noopener noreferrer nofollow\" href=\"https:\/\/cookiedatabase.org\/cookie\/complianz\/cmplz_rt_banner-status\/\">cmplz_rt_banner-status<\/a><\/div>\n<div class=\"retention-header\">\n\t<h5>Ablaufdatum<\/h5>\n<\/div>\n<div class=\"retention\">365 Tage<\/div>\n<div class=\"function-header\">\n\t<h5>Funktion<\/h5>\n<\/div>\n<div class=\"function\">Store if the cookie banner has been dismissed<\/div>\n\n<\/div>\n<\/details>\n<details class=\"cmplz-dropdown cmplz-service-desc cmplz-dropdown-cookiepolicy \">\n\t<summary class=\"cmplz-service-header\"><div>\n\t\t<h3>YouTube<\/h3>\n\t\t<p>Marketing<\/p>\n\t\t<label for=\"cmplz_service_youtube\" class=\"cmplz_consent_per_service_label\"><span class=\"screen-reader-text\">Consent to service youtube<\/span><\/label>\n\t\t<input type=\"checkbox\" id=\"cmplz_service_youtube\" class=\"cmplz-accept-service cmplz-hidden\" data-service=\"youtube\" data-category=\"functional\"><\/div>\n\t<\/summary>\n\t<div class=\"cmplz-service-description\">\n\t\t<h4>Verwendung<\/h4>\n\t\t<p>Wir verwenden YouTube f\u00fcr Video-Display. <a target=\"_blank\" rel=\"noopener noreferrer nofollow\" href=\"https:\/\/cookiedatabase.org\/service\/youtube\/\">Weitere Informationen zu YouTube<\/a><\/p>\n\t<\/div>\n\t<div class=\"cmplz-sharing-data\">\n\t\t<h4>Weitergabe von Daten<\/h4>\n\t\t<p>F\u00fcr weitere Informationen, bitte die <a target=\"_blank\" rel=\"noopener noreferrer nofollow\" href=\"https:\/\/policies.google.com\/privacy\">YouTube Datenschutzerkl\u00e4rung<\/a> lesen.<\/p>\n\t<\/div>\n\t<div class=\"cookies-per-purpose\">\n    <div class=\"purpose\"><h4>Marketing<\/h4><\/div>\n    <div class=\"name-header\">\n\t<h5>Name<\/h5>\n<\/div>\n<div class=\"name\"><a target=\"_blank\" rel=\"noopener noreferrer nofollow\" href=\"https:\/\/cookiedatabase.org\/cookie\/youtube\/gps\/\">GPS<\/a><\/div>\n<div class=\"retention-header\">\n\t<h5>Ablaufdatum<\/h5>\n<\/div>\n<div class=\"retention\">Sitzung<\/div>\n<div class=\"function-header\">\n\t<h5>Funktion<\/h5>\n<\/div>\n<div class=\"function\">Speichere Standortdaten<\/div>\n<div class=\"name-header\">\n\t<h5>Name<\/h5>\n<\/div>\n<div class=\"name\"><a target=\"_blank\" rel=\"noopener noreferrer nofollow\" href=\"https:\/\/cookiedatabase.org\/cookie\/youtube\/visitor_info1_live\/\">VISITOR_INFO1_LIVE<\/a><\/div>\n<div class=\"retention-header\">\n\t<h5>Ablaufdatum<\/h5>\n<\/div>\n<div class=\"retention\">6 Monate<\/div>\n<div class=\"function-header\">\n\t<h5>Funktion<\/h5>\n<\/div>\n<div class=\"function\">Anzeigenschaltung oder Retargeting anbieten<\/div>\n<div class=\"name-header\">\n\t<h5>Name<\/h5>\n<\/div>\n<div class=\"name\"><a target=\"_blank\" rel=\"noopener noreferrer nofollow\" href=\"https:\/\/cookiedatabase.org\/cookie\/youtube\/ysc\/\">YSC<\/a><\/div>\n<div class=\"retention-header\">\n\t<h5>Ablaufdatum<\/h5>\n<\/div>\n<div class=\"retention\">Sitzung<\/div>\n<div class=\"function-header\">\n\t<h5>Funktion<\/h5>\n<\/div>\n<div class=\"function\">Interaktion speichern und verfolgen<\/div>\n<div class=\"name-header\">\n\t<h5>Name<\/h5>\n<\/div>\n<div class=\"name\"><a target=\"_blank\" rel=\"noopener noreferrer nofollow\" href=\"https:\/\/cookiedatabase.org\/cookie\/youtube\/pref\/\">PREF<\/a><\/div>\n<div class=\"retention-header\">\n\t<h5>Ablaufdatum<\/h5>\n<\/div>\n<div class=\"retention\">8 Monate<\/div>\n<div class=\"function-header\">\n\t<h5>Funktion<\/h5>\n<\/div>\n<div class=\"function\">Speicher die Benutzervorlieben<\/div>\n\n<\/div>\n<\/details>\n<details class=\"cmplz-dropdown cmplz-service-desc cmplz-dropdown-cookiepolicy \">\n\t<summary class=\"cmplz-service-header\"><div>\n\t\t<h3>Sonstiges<\/h3>\n\t\t<p>Gegenstand der Untersuchung<\/p>\n\t\t<label for=\"cmplz_service_sonstiges\" class=\"cmplz_consent_per_service_label\"><span class=\"screen-reader-text\">Consent to service sonstiges<\/span><\/label>\n\t\t<input type=\"checkbox\" id=\"cmplz_service_sonstiges\" class=\"cmplz-accept-service cmplz-hidden\" data-service=\"sonstiges\" data-category=\"functional\"><\/div>\n\t<\/summary>\n\t<div class=\"cmplz-service-description\">\n\t\t<h4>Verwendung<\/h4>\n\t\t<p><\/p>\n\t<\/div>\n\t<div class=\"cmplz-sharing-data\">\n\t\t<h4>Weitergabe von Daten<\/h4>\n\t\t<p>Die Weitergabe von Daten wird noch untersucht<\/p>\n\t<\/div>\n\t<div class=\"cookies-per-purpose\">\n    <div class=\"purpose\"><h4>Gegenstand der Untersuchung<\/h4><\/div>\n    <div class=\"name-header\">\n\t<h5>Name<\/h5>\n<\/div>\n<div class=\"name\">cmplzSelectedRegion<\/div>\n<div class=\"retention-header\">\n\t<h5>Ablaufdatum<\/h5>\n<\/div>\n<div class=\"retention\">365 Tage<\/div>\n<div class=\"function-header\">\n\t<h5>Funktion<\/h5>\n<\/div>\n<div class=\"function\"><\/div>\n<div class=\"name-header\">\n\t<h5>Name<\/h5>\n<\/div>\n<div class=\"name\">cmplz_task_filter<\/div>\n<div class=\"retention-header\">\n\t<h5>Ablaufdatum<\/h5>\n<\/div>\n<div class=\"retention\">365 Tage<\/div>\n<div class=\"function-header\">\n\t<h5>Funktion<\/h5>\n<\/div>\n<div class=\"function\"><\/div>\n<div class=\"name-header\">\n\t<h5>Name<\/h5>\n<\/div>\n<div class=\"name\">headingsMap_selectedTab<\/div>\n<div class=\"retention-header\">\n\t<h5>Ablaufdatum<\/h5>\n<\/div>\n<div class=\"retention\"><\/div>\n<div class=\"function-header\">\n\t<h5>Funktion<\/h5>\n<\/div>\n<div class=\"function\"><\/div>\n\n<\/div>\n<\/details>\n<\/div><h2>7. Einwilligung<\/h2><p>Wenn du unsere Website das erste Mal besuchst, zeigen wir dir ein Pop-Up mit einer Erkl\u00e4rung \u00fcber Cookies. Sobald du auf \u201eEinstellungen speichern\u201c klickst, gibst du uns deine Einwilligung alle von dir gew\u00e4hlten Kategorien von Cookies und Plugins wie in dieser Cookie-Erkl\u00e4rung beschrieben zu verwenden. Du kannst die Verwendung von Cookies \u00fcber deinen Browser deaktivieren, aber bitte beachte, dass unsere Website dann unter Umst\u00e4nden nicht richtig funktioniert.<\/p><p class=\"cmplz-subtitle\">7.1 Verwalte deine Einwilligungseinstellungen<\/p><div id=\"cmplz-manage-consent-container-nojavascript\">Du hast die Cookie-Richtlinie ohne Javascript-Unterst\u00fctzung geladen.&nbsp;Unter AMP kannst du den Button zum Zustimmen der Einwilligung unten auf der Seite verwenden.<\/div><div id=\"cmplz-manage-consent-container\" class=\"cmplz-manage-consent-container\"><\/div><h2>8. Aktivierung\/Deaktivierung und L\u00f6schen von Cookies<\/h2><p>Du kannst deinen Internetbrowser verwenden um automatisch oder manuell Cookies zu l\u00f6schen. Du kannst au\u00dferdem spezifizieren ob spezielle Cookies nicht platziert werden sollen. Eine andere M\u00f6glichkeit ist es deinen  Internetbrowser derart einzurichten, dass du jedes Mal benachrichtigt wirst, wenn ein Cookie platziert wird. F\u00fcr weitere Information \u00fcber diese M\u00f6glichkeiten beachte die Anweisungen in der Hilfesektion deines Browsers.<\/p><p>Bitte nimm zur Kenntnis, dass unsere Website m\u00f6glicherweise nicht richtig funktioniert, wenn alle Cookies deaktiviert sind. Wenn du die Cookies in deinem Browser l\u00f6scht, werden diese neu platziert, wenn du unsere Website erneut besuchst.<\/p><h2>9. Deine Rechte in Bezug auf personenbezogene Daten<\/h2><p>Du hast folgende Rechte in Bezug auf deine personenbezogenen Daten:<\/p><ul>\n                    <li>Du hast das Recht zu erfahren, warum deine personenbezogenen Daten ben\u00f6tigt werden, was damit passiert und wie lange sie aufbewahrt werden.<\/li>\n                    <li>Auskunftsrecht: Du hast das Recht deine uns bekannten pers\u00f6nliche Daten einzusehen.\n\t<\/li>\n                    <li>Recht auf Berichtigung: Du hast das Recht wann immer du w\u00fcnscht, deine personenbezogenen Daten zu erg\u00e4nzen, zu korrigieren sowie gel\u00f6scht oder blockiert zu bekommen.<\/li>\n                    <li>Wenn du uns deine Einwilligung zur Verarbeitung deiner Daten erteilst, hast du das Recht diese Einwilligung zu widerrufen und deine personenbezogenen Daten l\u00f6schen zu lassen.<\/li>\n                    <li>Recht auf Daten\u00fcbertragbarkeit: Du hast das Recht, alle deine personenbezogenen Daten von dem f\u00fcr die Verarbeitung Verantwortlichen anzufordern und sie vollst\u00e4ndig an einen anderen f\u00fcr die Verarbeitung Verantwortlichen zu \u00fcbermitteln.<\/li>\n                    <li>Widerspruchsrecht: Du kannst der Verarbeitung deiner Daten widersprechen. Wir entsprechen dem, es sei denn es gibt berechtigte Gr\u00fcnde f\u00fcr die Verarbeitung.<\/li>\n                <\/ul><p>Um diese Rechte auszu\u00fcben kontaktiere uns bitte. Bitte beziehe dich auf die Kontaktdaten am Ende dieser Cookie-Erkl\u00e4rung. Wenn du eine Beschwerde dar\u00fcber hast, wie wir deine Daten behandeln, w\u00fcrden wir diese gerne h\u00f6ren, aber du hast auch das Recht diese an die Aufsichtsbeh\u00f6rde (Datenschutzbeh\u00f6rde) zu richten.<\/p><h2>10. Kontaktdaten<\/h2><p>F\u00fcr Fragen und\/oder Kommentare \u00fcber unsere Cookie-Richtlinien und diese Aussage kontaktiere uns bitte mittels der folgenden Kontaktdaten:<\/p><p><span class=\"cmplz-contact-organisation\">Kerstin Maier<\/span><br>\n                      <span class=\"cmplz-contact-address\">D\u00fcrnauer Str. 7\/1<br \/>\n73035 G\u00f6ppingen<\/span><br>\n                      <span class=\"cmplz-contact-country\">Deutschland<\/span><br>\n                      <span class=\"cmplz-contact-domain\">Website: <a href=\"https:\/\/www.kemai.de\/de\">https:\/\/www.kemai.de\/de<\/a><\/span><br>\n                      <span class=\"cmplz-contact-email\">E-Mail: <span class=\"cmplz-obfuscate\">&#107;&#101;rs&#116;in@<span class=\"cmplz-fmail-domain\">&#101;x&#046;co&#109;<\/span>&#107;&#101;&#109;ai.&#100;&#101;<\/span><\/span><br>\n                    <span class=\"cmplz-contact-telephone\">Telefonnummer: 01577 2703276<\/span><\/p><p>Diese Cookie-Richtlinie wurde mit <a href=\"https:\/\/cookiedatabase.org\/\" target=\"_blank\">cookiedatabase.org<\/a> am 26. August 2024 synchronisiert.<\/p><\/div><\/div>\n","protected":false},"excerpt":{"rendered":"<p>Verantwortlicher Kerstin MaierD\u00fcrnauer Str. 7\/173035 G\u00f6ppingenE-Mailadresse: kerstin[a]kemai.de Link zum Impressum: http:\/\/www.kemai.de\/de\/impressum Umsatzsteuer-ID Umsatzsteuer-Identifikationsnummer gem\u00e4\u00df \u00a727 a Umsatzsteuergesetz: DE229012608 Alle Bilder &amp; Texte \u00a9 Kerstin Maier | Website design Kerstin Maier Datenschutzerkl\u00e4rung Eine Nutzung der Internetseiten von Kerstin Maier ist grunds\u00e4tzlich ohne jede Angabe personenbezogener Daten m\u00f6glich. Sofern eine betroffene Person besondere Services \u00fcber die Internetseite [&hellip;]<\/p>\n","protected":false},"author":1,"featured_media":0,"parent":0,"menu_order":0,"comment_status":"closed","ping_status":"closed","template":"wp-custom-template-seite-galerie","meta":{"footnotes":""},"categories":[],"tags":[],"class_list":["post-461","page","type-page","status-publish","hentry"],"_links":{"self":[{"href":"https:\/\/www.kemai.de\/de\/wp-json\/wp\/v2\/pages\/461","targetHints":{"allow":["GET"]}}],"collection":[{"href":"https:\/\/www.kemai.de\/de\/wp-json\/wp\/v2\/pages"}],"about":[{"href":"https:\/\/www.kemai.de\/de\/wp-json\/wp\/v2\/types\/page"}],"author":[{"embeddable":true,"href":"https:\/\/www.kemai.de\/de\/wp-json\/wp\/v2\/users\/1"}],"replies":[{"embeddable":true,"href":"https:\/\/www.kemai.de\/de\/wp-json\/wp\/v2\/comments?post=461"}],"version-history":[{"count":37,"href":"https:\/\/www.kemai.de\/de\/wp-json\/wp\/v2\/pages\/461\/revisions"}],"predecessor-version":[{"id":2589,"href":"https:\/\/www.kemai.de\/de\/wp-json\/wp\/v2\/pages\/461\/revisions\/2589"}],"wp:attachment":[{"href":"https:\/\/www.kemai.de\/de\/wp-json\/wp\/v2\/media?parent=461"}],"wp:term":[{"taxonomy":"category","embeddable":true,"href":"https:\/\/www.kemai.de\/de\/wp-json\/wp\/v2\/categories?post=461"},{"taxonomy":"post_tag","embeddable":true,"href":"https:\/\/www.kemai.de\/de\/wp-json\/wp\/v2\/tags?post=461"}],"curies":[{"name":"wp","href":"https:\/\/api.w.org\/{rel}","templated":true}]}}